{"id":1898,"date":"2024-02-19T09:01:39","date_gmt":"2024-02-19T14:01:39","guid":{"rendered":"https:\/\/www.celec.gob.ec\/celecsur\/?page_id=1898"},"modified":"2026-04-22T15:02:26","modified_gmt":"2026-04-22T20:02:26","slug":"bolsa-de-empleo","status":"publish","type":"page","link":"https:\/\/www.celec.gob.ec\/celecsur\/bolsa-de-empleo\/","title":{"rendered":"Bolsa de Empleo"},"content":{"rendered":"\n<h3 id=\"wp-block-themeisle-blocks-advanced-heading-86243141\" class=\"wp-block-themeisle-blocks-advanced-heading wp-block-themeisle-blocks-advanced-heading-86243141\"><strong>En este espacio se publican las convocatorias cuando la Unidad de Negocio CELEC SUR requiere cumplir con el proceso determinado para la contrataci\u00f3n de personal.<\/strong><\/h3>\n\n\n\n<p><\/p>\n\n\n\n<h2 id=\"wp-block-themeisle-blocks-advanced-heading-9da69568\" class=\"wp-block-themeisle-blocks-advanced-heading wp-block-themeisle-blocks-advanced-heading-9da69568\">Historial de convocatorias<\/h2>\n\n\n\n<div id=\"wp-block-themeisle-blocks-tabs-06c4b6ea\" class=\"wp-block-themeisle-blocks-tabs has-light-bg\"><div class=\"wp-block-themeisle-blocks-tabs__content\">\n<div data-title=\"2026\" class=\"wp-block-themeisle-blocks-tabs-item\"><div class=\"wp-block-themeisle-blocks-tabs-item__header\" tabindex=\"0\">2026<\/div><div class=\"wp-block-themeisle-blocks-tabs-item__content\">\n<div id=\"wp-block-themeisle-blocks-accordion-4afd7829\" class=\"wp-block-themeisle-blocks-accordion exclusive\">\n<details class=\"wp-block-themeisle-blocks-accordion-item\"><summary class=\"wp-block-themeisle-blocks-accordion-item__title\"><div>Enero<\/div><\/summary><div class=\"wp-block-themeisle-blocks-accordion-item__content\">\n<p><\/p>\n<\/div><\/details>\n\n\n\n<details class=\"wp-block-themeisle-blocks-accordion-item\"><summary class=\"wp-block-themeisle-blocks-accordion-item__title\"><div>Febrero<\/div><\/summary><div class=\"wp-block-themeisle-blocks-accordion-item__content\">\n<figure class=\"wp-block-table aligncenter is-style-stripes has-small-font-size\"><table class=\"has-fixed-layout\"><thead><tr><th class=\"has-text-align-center\" data-align=\"center\">Nro. Vacantes<\/th><th class=\"has-text-align-left\" data-align=\"left\">Cargo<\/th><th class=\"has-text-align-center\" data-align=\"center\">Fecha de Publicaci\u00f3n<\/th><th class=\"has-text-align-center\" data-align=\"center\">Fecha de Finalizaci\u00f3n<\/th><th class=\"has-text-align-center\" data-align=\"center\">C\u00f3digo de Proceso<\/th><th class=\"has-text-align-center\" data-align=\"center\">Convocatoria<\/th><\/tr><\/thead><tbody><tr><td class=\"has-text-align-center\" data-align=\"center\">3<\/td><td class=\"has-text-align-left\" data-align=\"left\">ASISTENTE TEC 7 \/ ASISTENTE EL\u00c9CTRICO GENERACI\u00d3N HIDR\u00c1ULICA<\/td><td class=\"has-text-align-center\" data-align=\"center\">19-02-2026<\/td><td class=\"has-text-align-center\" data-align=\"center\">20-02-2026<\/td><td class=\"has-text-align-center\" data-align=\"center\">CSR-SPR-001<\/td><td class=\"has-text-align-center\" data-align=\"center\"><a href=\"https:\/\/www.celec.gob.ec\/celecsur\/wp-content\/uploads\/2026\/02\/CONVOCATORIA-ASISTENTE-TEC7-ASISTENTE-ELECTRICO-GH-2.pdf\" target=\"_blank\" rel=\"noreferrer noopener\">Ver<\/a><br><br><a href=\"https:\/\/forms.gle\/t8HzjH4UDT6GoSGw9\" target=\"_blank\" rel=\"noreferrer noopener\">Click Aqui<\/a><br><\/td><\/tr><tr><td class=\"has-text-align-center\" data-align=\"center\">1<\/td><td class=\"has-text-align-left\" data-align=\"left\">ESPECIALISTA ADM 4 \u2013 ESPECIALISTA DE PRESUPUESTO<\/td><td class=\"has-text-align-center\" data-align=\"center\">23-02-2026<\/td><td class=\"has-text-align-center\" data-align=\"center\">24-02-2026<\/td><td class=\"has-text-align-center\" data-align=\"center\">CSR-SFI-002<\/td><td class=\"has-text-align-center\" data-align=\"center\"><a href=\"https:\/\/www.celec.gob.ec\/celecsur\/wp-content\/uploads\/2026\/02\/8-CONVOCATORIA-ESPECIALISTA-DE-PRESUPUESTO.pdf\" target=\"_blank\" rel=\"noreferrer noopener\">Ver<\/a><br><br><a href=\"https:\/\/forms.gle\/hSAcAErw4KU2eohS9\" target=\"_blank\" rel=\"noreferrer noopener\">Aplica<\/a><\/td><\/tr><tr><td class=\"has-text-align-center\" data-align=\"center\">1<\/td><td class=\"has-text-align-left\" data-align=\"left\">ASISTENTE ADM 7 \u2013 ASISTENTE DE BODEGA E INVENTARIOS<\/td><td class=\"has-text-align-center\" data-align=\"center\">23-02-2026<\/td><td class=\"has-text-align-center\" data-align=\"center\">24-02-2026<\/td><td class=\"has-text-align-center\" data-align=\"center\">CSR-SAD-003<\/td><td class=\"has-text-align-center\" data-align=\"center\"><a href=\"https:\/\/www.celec.gob.ec\/celecsur\/wp-content\/uploads\/2026\/02\/8-CONVOCATORIA-ASISTENTE-DE-BODEGA-E-INVENTARIOS.pdf\" target=\"_blank\" rel=\"noreferrer noopener\">Ver<\/a><br><br><a href=\"https:\/\/forms.gle\/gF2g94efPJWUKV459\" target=\"_blank\" rel=\"noreferrer noopener\">Aplica<\/a><\/td><\/tr><tr><td class=\"has-text-align-center\" data-align=\"center\">1<\/td><td class=\"has-text-align-left\" data-align=\"left\">ESPECIALISTA ADM2 \u2013 ESPECIALISTA DE TRABAJO SOCIAL<\/td><td class=\"has-text-align-center\" data-align=\"center\">24-02-2026<\/td><td class=\"has-text-align-center\" data-align=\"center\">25-02-2026<\/td><td class=\"has-text-align-center\" data-align=\"center\">CSR-SAD-004<\/td><td class=\"has-text-align-center\" data-align=\"center\"><a href=\"https:\/\/www.celec.gob.ec\/celecsur\/wp-content\/uploads\/2026\/02\/8-CONVOCATORIA-ESPECIALISTA-DE-TRABAJO-SOCIAL.pdf\" target=\"_blank\" rel=\"noreferrer noopener\">Ver<\/a><br><br><a href=\"https:\/\/forms.gle\/38mz9dMnKe7VHSWx5\" target=\"_blank\" rel=\"noreferrer noopener\">Aplica<\/a><\/td><\/tr><tr><td class=\"has-text-align-center\" data-align=\"center\">1<\/td><td class=\"has-text-align-left\" data-align=\"left\">ESPECIALISTA ADM 5 \u2013 ESPECIALISTA DE SERVICIOS GENERALES<\/td><td class=\"has-text-align-center\" data-align=\"center\">25-02-2026<\/td><td class=\"has-text-align-center\" data-align=\"center\">26-02-2026<\/td><td class=\"has-text-align-center\" data-align=\"center\">CSR-SAD-005<\/td><td class=\"has-text-align-center\" data-align=\"center\"><a href=\"https:\/\/www.celec.gob.ec\/celecsur\/wp-content\/uploads\/2026\/02\/8-CONVOCATORIA-ESPECIALISTA-DE-SERVICIOS-GENERALES.pdf\" target=\"_blank\" rel=\"noreferrer noopener\">Ver<\/a><br><br><a href=\"https:\/\/forms.gle\/Ge8MuAySV5cmvjs49\" target=\"_blank\" rel=\"noreferrer noopener\">Aplica<\/a><\/td><\/tr><\/tbody><\/table><figcaption class=\"wp-element-caption\"><em>1. Recuerde que su postulaci\u00f3n es v\u00e1lida si la realiz\u00f3 dentro de las fechas indicadas en cada proceso.<\/em> <br>2. <em>Recuerde enviar al correo electr\u00f3nico<\/em> <strong><a href=\"mailto:seleccion.celecsur@celec.gob.gob.ec\">seleccion.celecsur@celec.gob.ec<\/a> <\/strong><em>su hoja de vida actualizada y documentos de formaci\u00f3n y experiencia en un solo archivo en formato PDF. En el Asunto del correo electr\u00f3nico deben constar <strong>apellidos nombres<\/strong> y el <strong>c\u00f3digo del proceso al que aplica<\/strong>.<\/em><\/figcaption><\/figure>\n<\/div><\/details>\n\n\n\n<details class=\"wp-block-themeisle-blocks-accordion-item\"><summary class=\"wp-block-themeisle-blocks-accordion-item__title\"><div>Marzo<\/div><\/summary><div class=\"wp-block-themeisle-blocks-accordion-item__content\">\n<figure class=\"wp-block-table aligncenter is-style-stripes has-small-font-size\"><table class=\"has-fixed-layout\"><thead><tr><th class=\"has-text-align-center\" data-align=\"center\">Nro. Vacantes<\/th><th class=\"has-text-align-left\" data-align=\"left\">Cargo<\/th><th class=\"has-text-align-center\" data-align=\"center\">Fecha de Publicaci\u00f3n<\/th><th class=\"has-text-align-center\" data-align=\"center\">Fecha de Finalizaci\u00f3n<\/th><th class=\"has-text-align-center\" data-align=\"center\">C\u00f3digo de Proceso<\/th><th class=\"has-text-align-center\" data-align=\"center\">Convocatoria<\/th><\/tr><\/thead><tbody><tr><td class=\"has-text-align-center\" data-align=\"center\">1<\/td><td class=\"has-text-align-left\" data-align=\"left\"><br>ESPECIALISTA ADM 1 \u2013 ESPECIALISTA DE PRESUPUESTO<\/td><td class=\"has-text-align-center\" data-align=\"center\">26-03-2026<\/td><td class=\"has-text-align-center\" data-align=\"center\">27-03-2026<\/td><td class=\"has-text-align-center\" data-align=\"center\">CSR-SFI-006<\/td><td class=\"has-text-align-center\" data-align=\"center\"><a href=\"https:\/\/www.celec.gob.ec\/celecsur\/wp-content\/uploads\/2026\/03\/8-CONVOCATORIA-ESPECIALISTA-DE-PRESUPUESTO.pdf\" target=\"_blank\" rel=\"noreferrer noopener\">Ver<\/a><br><br><a href=\"https:\/\/forms.gle\/yVSNuqEA4tqU4hA17\" target=\"_blank\" rel=\"noreferrer noopener\">Aplica<\/a><\/td><\/tr><\/tbody><\/table><figcaption class=\"wp-element-caption\"><em>1. Recuerde que su postulaci\u00f3n es v\u00e1lida si la realiz\u00f3 dentro de las fechas indicadas en cada proceso.<\/em> <br>2. <em>Recuerde enviar al correo electr\u00f3nico<\/em> <strong><a href=\"mailto:seleccion.celecsur@celec.gob.gob.ec\">seleccion.celecsur@celec.gob.ec<\/a> <\/strong><em>su hoja de vida actualizada y documentos de formaci\u00f3n y experiencia en un solo archivo en formato PDF. En el Asunto del correo electr\u00f3nico deben constar <strong>apellidos nombres<\/strong> y el <strong>c\u00f3digo del proceso al que aplica<\/strong>.<\/em><\/figcaption><\/figure>\n<\/div><\/details>\n\n\n\n<details open class=\"wp-block-themeisle-blocks-accordion-item\"><summary class=\"wp-block-themeisle-blocks-accordion-item__title\"><div>ABRIL<\/div><\/summary><div class=\"wp-block-themeisle-blocks-accordion-item__content\">\n<figure class=\"wp-block-table aligncenter is-style-stripes has-small-font-size\"><table class=\"has-fixed-layout\"><thead><tr><th class=\"has-text-align-center\" data-align=\"center\">Nro. Vacantes<\/th><th class=\"has-text-align-left\" data-align=\"left\">Cargo<\/th><th class=\"has-text-align-center\" data-align=\"center\">Fecha de Publicaci\u00f3n<\/th><th class=\"has-text-align-center\" data-align=\"center\">Fecha de Finalizaci\u00f3n<\/th><th class=\"has-text-align-center\" data-align=\"center\">C\u00f3digo de Proceso<\/th><th class=\"has-text-align-center\" data-align=\"center\">Convocatoria<\/th><\/tr><\/thead><tbody><tr><td class=\"has-text-align-center\" data-align=\"center\">1<\/td><td class=\"has-text-align-left\" data-align=\"left\"><br>ESPECIALISTA ADM 5 \u2013 ESPECIALISTA DE GESTI\u00d3N AMBIENTAL<\/td><td class=\"has-text-align-center\" data-align=\"center\">14-04-2026<\/td><td class=\"has-text-align-center\" data-align=\"center\">15-04-2026<\/td><td class=\"has-text-align-center\" data-align=\"center\">CSR-JGS-007<\/td><td class=\"has-text-align-center\" data-align=\"center\"><a href=\"https:\/\/www.celec.gob.ec\/celecsur\/wp-content\/uploads\/2026\/04\/8-CONVOCATORIA-ESPECIALISTA-GESTION-AMBIENTAL.pdf\" target=\"_blank\" rel=\"noreferrer noopener\">Ver<\/a><br><br><a href=\"https:\/\/forms.gle\/C4PEiHs1gj1JaCy48\" target=\"_blank\" rel=\"noreferrer noopener\">Aplica<\/a><\/td><\/tr><tr><td class=\"has-text-align-center\" data-align=\"center\">1<\/td><td class=\"has-text-align-left\" data-align=\"left\">ESPECIALISTA ADM 5 &#8211; ESPECIALISTA DE PLANIFICACI\u00d3N ORGANIZACIONAL<\/td><td class=\"has-text-align-center\" data-align=\"center\">14-04-2026<\/td><td class=\"has-text-align-center\" data-align=\"center\">15-04-2026<\/td><td class=\"has-text-align-center\" data-align=\"center\">CSR-SGO-008<\/td><td class=\"has-text-align-center\" data-align=\"center\"><a href=\"https:\/\/www.celec.gob.ec\/celecsur\/wp-content\/uploads\/2026\/04\/8-CONVOCATORIA-ESPECIALISTA-PLANIFI.-ORGAN.pdf\" target=\"_blank\" rel=\"noreferrer noopener\">Ver<\/a><br><br><a href=\"https:\/\/forms.gle\/yifFfDGzx4j7oYkNA\" target=\"_blank\" rel=\"noreferrer noopener\">Aplica<\/a><\/td><\/tr><tr><td class=\"has-text-align-center\" data-align=\"center\">1<\/td><td class=\"has-text-align-left\" data-align=\"left\">ESPECIALISTA TEC 4\/ ESPECIALISTA DE INGENIER\u00cdA DE PRODUCCI\u00d3N DRAGADO E HIDROLOG\u00cdA GENERACI\u00d3N HIDR\u00c1ULICA<\/td><td class=\"has-text-align-center\" data-align=\"center\">15-04-2026<\/td><td class=\"has-text-align-center\" data-align=\"center\">16-04-2026<\/td><td class=\"has-text-align-center\" data-align=\"center\">CSR-SPR-009<\/td><td class=\"has-text-align-center\" data-align=\"center\"><a href=\"https:\/\/www.celec.gob.ec\/celecsur\/wp-content\/uploads\/2026\/04\/13.-ESPECIALISTA-DE-INGENIERIA-DE-PRODUCCION-DRAGADO-E-HIDROLOGIA.pdf\" target=\"_blank\" rel=\"noreferrer noopener\">Ver<\/a><br><br><a href=\"https:\/\/forms.gle\/8Za3LzSZ7b7E9sYJ9\" target=\"_blank\" rel=\"noreferrer noopener\">Aplica<\/a><\/td><\/tr><tr><td class=\"has-text-align-center\" data-align=\"center\">1<\/td><td class=\"has-text-align-left\" data-align=\"left\">ASISTENTE ADM 7 \u2013 ASISTENTE DE BODEGA E INVENTARIOS<\/td><td class=\"has-text-align-center\" data-align=\"center\">20-04-2026<\/td><td class=\"has-text-align-center\" data-align=\"center\">21-04-2026<\/td><td class=\"has-text-align-center\" data-align=\"center\">CSR-SAD-013<\/td><td class=\"has-text-align-center\" data-align=\"center\"><a href=\"https:\/\/www.celec.gob.ec\/celecsur\/wp-content\/uploads\/2026\/04\/8-CONVOCATORIA-ASISTENTE-DE-BODEGA-E-INVENTARIOS.pdf\" target=\"_blank\" rel=\"noreferrer noopener\">Ver<\/a><br><br><a href=\"https:\/\/forms.gle\/DLqiiAy1tCVaTEXX7\" target=\"_blank\" rel=\"noreferrer noopener\">Aplica<\/a><\/td><\/tr><tr><td class=\"has-text-align-center\" data-align=\"center\">2<\/td><td class=\"has-text-align-left\" data-align=\"left\">ESPECIALISTA TEC 4\/ESPECIALISTA DE PROGRAMACI\u00d3N Y CONTROL \u2013 GENERACI\u00d3N HIDR\u00c1ULICA<\/td><td class=\"has-text-align-center\" data-align=\"center\">22-04-2026<\/td><td class=\"has-text-align-center\" data-align=\"center\">23-04-2026<\/td><td class=\"has-text-align-center\" data-align=\"center\">CSR-SPR-010<\/td><td class=\"has-text-align-center\" data-align=\"center\"><a href=\"https:\/\/www.celec.gob.ec\/celecsur\/wp-content\/uploads\/2026\/04\/14.-CONVOCATORIA-ESPECIALISTA-PROGRAMACION-Y-CONTROL-1.pdf\" target=\"_blank\" rel=\"noreferrer noopener\">Ver<\/a><br><br><a href=\"https:\/\/forms.gle\/F9DfgKhgQzMWr2Ua6\" target=\"_blank\" rel=\"noreferrer noopener\">Aplica<\/a><\/td><\/tr><\/tbody><\/table><figcaption class=\"wp-element-caption\"><em>1. Recuerde que su postulaci\u00f3n es v\u00e1lida si la realiz\u00f3 dentro de las fechas indicadas en cada proceso.<\/em><br><em>2.<\/em> <em>Recuerde que debe registrar su informaci\u00f3n en el formulario que se encuentra disponible presionando en la palabra \u00abAplica\u00bb<br>3.<\/em> <em>Recuerde enviar al correo electr\u00f3nico<\/em> <strong><a href=\"mailto:seleccion.celecsur@celec.gob.gob.ec\">seleccion.celecsur@celec.gob.ec<\/a> <\/strong><em>su hoja de vida actualizada y documentos de formaci\u00f3n y experiencia en un solo archivo en formato PDF. En el Asunto del correo electr\u00f3nico deben constar <strong>apellidos nombres<\/strong> y el <strong>c\u00f3digo del proceso al que aplica<\/strong>.<\/em><\/figcaption><\/figure>\n<\/div><\/details>\n<\/div>\n<\/div><\/div>\n\n\n\n<div data-title=\"2025\" class=\"wp-block-themeisle-blocks-tabs-item\"><div class=\"wp-block-themeisle-blocks-tabs-item__header\" tabindex=\"0\">2025<\/div><div class=\"wp-block-themeisle-blocks-tabs-item__content\">\n<div id=\"wp-block-themeisle-blocks-accordion-15e01f81\" class=\"wp-block-themeisle-blocks-accordion exclusive\">\n<details class=\"wp-block-themeisle-blocks-accordion-item\"><summary class=\"wp-block-themeisle-blocks-accordion-item__title\"><div>Enero<\/div><\/summary><div class=\"wp-block-themeisle-blocks-accordion-item__content\">\n<p><\/p>\n<\/div><\/details>\n\n\n\n<details class=\"wp-block-themeisle-blocks-accordion-item\"><summary class=\"wp-block-themeisle-blocks-accordion-item__title\"><div>Febrero<\/div><\/summary><div class=\"wp-block-themeisle-blocks-accordion-item__content\">\n<figure class=\"wp-block-table aligncenter is-style-stripes has-small-font-size\"><table class=\"has-fixed-layout\"><thead><tr><th class=\"has-text-align-center\" data-align=\"center\">Nro. Vacantes<\/th><th class=\"has-text-align-left\" data-align=\"left\">Cargo<\/th><th class=\"has-text-align-center\" data-align=\"center\">Fecha de Publicaci\u00f3n<\/th><th class=\"has-text-align-center\" data-align=\"center\">Fecha de Finalizaci\u00f3n<\/th><th class=\"has-text-align-center\" data-align=\"center\">C\u00f3digo de Proceso<\/th><th class=\"has-text-align-center\" data-align=\"center\">Convocatoria<\/th><\/tr><\/thead><tbody><tr><td class=\"has-text-align-center\" data-align=\"center\">1<\/td><td class=\"has-text-align-left\" data-align=\"left\">ESPECIALISTA ADM 3 \/<br>ESPECIALISTA DE CONTABILIDAD<\/td><td class=\"has-text-align-center\" data-align=\"center\">13-02-2025<\/td><td class=\"has-text-align-center\" data-align=\"center\">14-02-2025<\/td><td class=\"has-text-align-center\" data-align=\"center\">CSR-SFI-004<\/td><td class=\"has-text-align-center\" data-align=\"center\"><a href=\"https:\/\/www.celec.gob.ec\/celecsur\/wp-content\/uploads\/2025\/02\/13.-CONVOCATORIA-ESPECIALISTA-DE-CONTABILIDAD_2.pdf\" data-type=\"link\" data-id=\"https:\/\/www.celec.gob.ec\/celecsur\/wp-content\/uploads\/2025\/02\/13.-CONVOCATORIA-ESPECIALISTA-DE-CONTABILIDAD_2.pdf\" target=\"_blank\" rel=\"noreferrer noopener\">Ver<\/a><\/td><\/tr><tr><td class=\"has-text-align-center\" data-align=\"center\">1<\/td><td class=\"has-text-align-left\" data-align=\"left\">ESPECIALISTA TEC 4\/ESPECIALISTA<br>DE GESTI\u00d3N AMBIENTAL<\/td><td class=\"has-text-align-center\" data-align=\"center\">13-02-2025<\/td><td class=\"has-text-align-center\" data-align=\"center\">14-02-2025<\/td><td class=\"has-text-align-center\" data-align=\"center\">CSR-JGS-003<\/td><td class=\"has-text-align-center\" data-align=\"center\"><a href=\"https:\/\/www.celec.gob.ec\/celecsur\/wp-content\/uploads\/2025\/02\/13.-CONVOCATORIA-ESPECIALISTA-GESTION-AMBIENTAL.pdf\" data-type=\"link\" data-id=\"https:\/\/www.celec.gob.ec\/celecsur\/wp-content\/uploads\/2025\/02\/13.-CONVOCATORIA-ESPECIALISTA-GESTION-AMBIENTAL.pdf\">Ver<\/a><\/td><\/tr><tr><td class=\"has-text-align-center\" data-align=\"center\">1<\/td><td class=\"has-text-align-left\" data-align=\"left\">ESPECIALISTA ADM 4 \/<br>ESPECIALISTA DE CONTABILIDAD<\/td><td class=\"has-text-align-center\" data-align=\"center\">13-02-2025<\/td><td class=\"has-text-align-center\" data-align=\"center\">14-02-2025<\/td><td class=\"has-text-align-center\" data-align=\"center\">CSR-SFI-005<\/td><td class=\"has-text-align-center\" data-align=\"center\"><a href=\"https:\/\/www.celec.gob.ec\/celecsur\/wp-content\/uploads\/2025\/02\/13.-CONVOCATORIA-ESPECIALISTA-DE-CONTABILIDAD.pdf\">Ver<\/a><\/td><\/tr><tr><td class=\"has-text-align-center\" data-align=\"center\">1<\/td><td class=\"has-text-align-left\" data-align=\"left\">ASISTENTE ADM<br>7\/ASISTENTE DE<br>BODEGA E<br>INVENTARIOS<\/td><td class=\"has-text-align-center\" data-align=\"center\">05-02-2025<\/td><td class=\"has-text-align-center\" data-align=\"center\">06-02-2025<\/td><td class=\"has-text-align-center\" data-align=\"center\">CSR-SAD-001<\/td><td class=\"has-text-align-center\" data-align=\"center\"><a href=\"https:\/\/www.celec.gob.ec\/celecsur\/wp-content\/uploads\/2025\/02\/ASIS-BODEGA-ENE-2025.pdf\" data-type=\"link\" data-id=\"https:\/\/www.celec.gob.ec\/celecsur\/wp-content\/uploads\/2024\/08\/11.-CONVOCATORIA-SELECCION-ASIS-CON.pdf\" target=\"_blank\" rel=\"noreferrer noopener\">Ver<\/a><\/td><\/tr><tr><td class=\"has-text-align-center\" data-align=\"center\">1<\/td><td class=\"has-text-align-left\" data-align=\"left\">ESPECIALISTA ADM3 \/ M\u00c9DICO<\/td><td class=\"has-text-align-center\" data-align=\"center\">05-02-2025<\/td><td class=\"has-text-align-center\" data-align=\"center\">06-02-2025<\/td><td class=\"has-text-align-center\" data-align=\"center\">CSR-JSS-002<\/td><td class=\"has-text-align-center\" data-align=\"center\"><a href=\"https:\/\/www.celec.gob.ec\/celecsur\/wp-content\/uploads\/2025\/02\/13.-CONVOCATORIA-ASISTENTE-DE-MEDICO.pdf\" data-type=\"attachment\" data-id=\"2551\" target=\"_blank\" rel=\"noreferrer noopener\">Ver<\/a><\/td><\/tr><tr><td class=\"has-text-align-center\" data-align=\"center\"><\/td><td class=\"has-text-align-left\" data-align=\"left\"><\/td><td class=\"has-text-align-center\" data-align=\"center\"><\/td><td class=\"has-text-align-center\" data-align=\"center\"><\/td><td class=\"has-text-align-center\" data-align=\"center\"><\/td><td class=\"has-text-align-center\" data-align=\"center\"><\/td><\/tr><\/tbody><\/table><figcaption class=\"wp-element-caption\"><em>* Recuerde que su postulaci\u00f3n es v\u00e1lida si la realiz\u00f3 dentro de las fechas indicadas en cada proceso.<\/em><\/figcaption><\/figure>\n<\/div><\/details>\n\n\n\n<details class=\"wp-block-themeisle-blocks-accordion-item\"><summary class=\"wp-block-themeisle-blocks-accordion-item__title\"><div>Marzo<\/div><\/summary><div class=\"wp-block-themeisle-blocks-accordion-item__content\">\n<figure class=\"wp-block-table aligncenter is-style-stripes has-small-font-size\"><table class=\"has-fixed-layout\"><thead><tr><th class=\"has-text-align-center\" data-align=\"center\">Nro. Vacantes<\/th><th class=\"has-text-align-left\" data-align=\"left\">Cargo<\/th><th class=\"has-text-align-center\" data-align=\"center\">Fecha de Publicaci\u00f3n<\/th><th class=\"has-text-align-center\" data-align=\"center\">Fecha de Finalizaci\u00f3n<\/th><th class=\"has-text-align-center\" data-align=\"center\">C\u00f3digo de Proceso<\/th><th class=\"has-text-align-center\" data-align=\"center\">Convocatoria<\/th><\/tr><\/thead><tbody><tr><td class=\"has-text-align-center\" data-align=\"center\">1<\/td><td class=\"has-text-align-left\" data-align=\"left\">JEFE 3 \/ JEFE DE TALENTO<br>HUMANO<\/td><td class=\"has-text-align-center\" data-align=\"center\">05-03-2025<\/td><td class=\"has-text-align-center\" data-align=\"center\">06-03-2025<\/td><td class=\"has-text-align-center\" data-align=\"center\">CSR-JTH-006<\/td><td class=\"has-text-align-center\" data-align=\"center\"><a href=\"https:\/\/www.celec.gob.ec\/celecsur\/wp-content\/uploads\/2025\/03\/CONVOCATORIA-JEFE-3-JEFE-DE-TALENTO-HUMANO.pdf\" data-type=\"link\" data-id=\"https:\/\/www.celec.gob.ec\/celecsur\/wp-content\/uploads\/2025\/03\/CONVOCATORIA-JEFE-3-JEFE-DE-TALENTO-HUMANO.pdf\" target=\"_blank\" rel=\"noreferrer noopener\">Ver<\/a><\/td><\/tr><tr><td class=\"has-text-align-center\" data-align=\"center\"><\/td><td class=\"has-text-align-left\" data-align=\"left\"><\/td><td class=\"has-text-align-center\" data-align=\"center\"><\/td><td class=\"has-text-align-center\" data-align=\"center\"><\/td><td class=\"has-text-align-center\" data-align=\"center\"><\/td><td class=\"has-text-align-center\" data-align=\"center\"><\/td><\/tr><\/tbody><\/table><figcaption class=\"wp-element-caption\"><em>* Recuerde que su postulaci\u00f3n es v\u00e1lida si la realiz\u00f3 dentro de las fechas indicadas en cada proceso.<\/em><\/figcaption><\/figure>\n<\/div><\/details>\n\n\n\n<details class=\"wp-block-themeisle-blocks-accordion-item\"><summary class=\"wp-block-themeisle-blocks-accordion-item__title\"><div>Abril<\/div><\/summary><div class=\"wp-block-themeisle-blocks-accordion-item__content\">\n<figure class=\"wp-block-table aligncenter is-style-stripes has-small-font-size\"><table class=\"has-fixed-layout\"><thead><tr><th class=\"has-text-align-center\" data-align=\"center\">Nro. Vacantes<\/th><th class=\"has-text-align-left\" data-align=\"left\">Cargo<\/th><th class=\"has-text-align-center\" data-align=\"center\">Fecha de Publicaci\u00f3n<\/th><th class=\"has-text-align-center\" data-align=\"center\">Fecha de Finalizaci\u00f3n<\/th><th class=\"has-text-align-center\" data-align=\"center\">C\u00f3digo de Proceso<\/th><th class=\"has-text-align-center\" data-align=\"center\">Convocatoria<\/th><\/tr><\/thead><tbody><tr><td class=\"has-text-align-center\" data-align=\"center\">1<\/td><td class=\"has-text-align-left\" data-align=\"left\">ASISTENTE ADM 7\/ASISTENTE DE<br>BODEGA E INVENTARIOS<\/td><td class=\"has-text-align-center\" data-align=\"center\">07-04-2025<\/td><td class=\"has-text-align-center\" data-align=\"center\">08-04-2025<\/td><td class=\"has-text-align-center\" data-align=\"center\">CSR-SAD-009<\/td><td class=\"has-text-align-center\" data-align=\"center\"><a href=\"https:\/\/www.celec.gob.ec\/celecsur\/wp-content\/uploads\/2025\/04\/13.-CONVOCATORIA-ASISTENTE-DE-BODEGA-E-INVENTARIOS.pdf\" target=\"_blank\" rel=\"noreferrer noopener\">Ver<\/a><\/td><\/tr><tr><td class=\"has-text-align-center\" data-align=\"center\">4<\/td><td class=\"has-text-align-left\" data-align=\"left\">ASISTENTE ADM 4\/<br>AUXILIAR DE SERVICIOS MISCELANEO<\/td><td class=\"has-text-align-center\" data-align=\"center\">07-04-2025<\/td><td class=\"has-text-align-center\" data-align=\"center\">08-04-2025<\/td><td class=\"has-text-align-center\" data-align=\"center\">CSR-SAD-007<\/td><td class=\"has-text-align-center\" data-align=\"center\"><a href=\"https:\/\/www.celec.gob.ec\/celecsur\/wp-content\/uploads\/2025\/04\/13.-CONVOCATORIA-AUXILIAR-MISCELANEO.pdf\" data-type=\"link\" data-id=\"https:\/\/www.celec.gob.ec\/celecsur\/wp-content\/uploads\/2025\/04\/13.-CONVOCATORIA-AUXILIAR-MISCELANEO.pdf\" target=\"_blank\" rel=\"noreferrer noopener\">Ver<\/a><\/td><\/tr><tr><td class=\"has-text-align-center\" data-align=\"center\">1<\/td><td class=\"has-text-align-left\" data-align=\"left\">ASISTENTE ADM 5\/ASISTENTE<br>ADMINISTRATIVO<\/td><td class=\"has-text-align-center\" data-align=\"center\">08-04-2025<\/td><td class=\"has-text-align-center\" data-align=\"center\">09-04-2025<\/td><td class=\"has-text-align-center\" data-align=\"center\">CSR-SPR-008<\/td><td class=\"has-text-align-center\" data-align=\"center\"><a href=\"https:\/\/www.celec.gob.ec\/celecsur\/wp-content\/uploads\/2025\/04\/13.-CONVOCATORIA-ASISTENTE-ADMINISTRATIVO.pdf\">Ver<\/a><\/td><\/tr><tr><td class=\"has-text-align-center\" data-align=\"center\">1<\/td><td class=\"has-text-align-left\" data-align=\"left\">ASISTENTE ADM 7 \/ ASISTENTE DE CONTABILIDAD<\/td><td class=\"has-text-align-center\" data-align=\"center\">14-04-2025<\/td><td class=\"has-text-align-center\" data-align=\"center\">15-04-2025<\/td><td class=\"has-text-align-center\" data-align=\"center\">CSR-SFI-013<\/td><td class=\"has-text-align-center\" data-align=\"center\"><a href=\"https:\/\/www.celec.gob.ec\/celecsur\/wp-content\/uploads\/2025\/04\/CONVOCATORIA-ASISTENTE-ADM-7-ASISTENTE-DE-CONTABILIDAD.pdf\" target=\"_blank\" rel=\"noreferrer noopener\">Ver<\/a><\/td><\/tr><tr><td class=\"has-text-align-center\" data-align=\"center\">1<\/td><td class=\"has-text-align-left\" data-align=\"left\">ASISTENTE ADM 7 \/ ASISTENTE DE<br>TALENTO HUMANO<\/td><td class=\"has-text-align-center\" data-align=\"center\">15-04-2025<\/td><td class=\"has-text-align-center\" data-align=\"center\">16-04-2025<\/td><td class=\"has-text-align-center\" data-align=\"center\">CSR-SAD-012<\/td><td class=\"has-text-align-center\" data-align=\"center\"><a href=\"https:\/\/www.celec.gob.ec\/celecsur\/wp-content\/uploads\/2025\/04\/CONVOCATORIA-ASISTENTE-ADM-7-ASISTENTE-DE-TALENTO-HUMANO.pdf\" target=\"_blank\" rel=\"noreferrer noopener\">Ver<\/a><\/td><\/tr><\/tbody><\/table><figcaption class=\"wp-element-caption\"><em>* Recuerde que su postulaci\u00f3n es v\u00e1lida si la realiz\u00f3 dentro de las fechas indicadas en cada proceso.<\/em><\/figcaption><\/figure>\n<\/div><\/details>\n\n\n\n<details class=\"wp-block-themeisle-blocks-accordion-item\"><summary class=\"wp-block-themeisle-blocks-accordion-item__title\"><div>Mayo<\/div><\/summary><div class=\"wp-block-themeisle-blocks-accordion-item__content\">\n<figure class=\"wp-block-table aligncenter is-style-stripes has-small-font-size\"><table class=\"has-fixed-layout\"><thead><tr><th class=\"has-text-align-center\" data-align=\"center\">Nro. Vacantes<\/th><th class=\"has-text-align-left\" data-align=\"left\">Cargo<\/th><th class=\"has-text-align-center\" data-align=\"center\">Fecha de Publicaci\u00f3n<\/th><th class=\"has-text-align-center\" data-align=\"center\">Fecha de Finalizaci\u00f3n<\/th><th class=\"has-text-align-center\" data-align=\"center\">C\u00f3digo de Proceso<\/th><th class=\"has-text-align-center\" data-align=\"center\">Convocatoria<\/th><\/tr><\/thead><tbody><tr><td class=\"has-text-align-center\" data-align=\"center\">1<\/td><td class=\"has-text-align-left\" data-align=\"left\">ASISTENTE ADM 5\/ASISTENTE<br>ADMINISTRATIVO<\/td><td class=\"has-text-align-center\" data-align=\"center\">20-05-2025<\/td><td class=\"has-text-align-center\" data-align=\"center\">21-05-2025<\/td><td class=\"has-text-align-center\" data-align=\"center\">CSR-SPR-017<\/td><td class=\"has-text-align-center\" data-align=\"center\"><a href=\"https:\/\/www.celec.gob.ec\/celecsur\/wp-content\/uploads\/2025\/05\/13.-CONVOCATORIA-ASISTENTE-ADMINISTRATIVO.pdf\" target=\"_blank\" rel=\"noreferrer noopener\">Ver<\/a><\/td><\/tr><tr><td class=\"has-text-align-center\" data-align=\"center\">1<\/td><td class=\"has-text-align-left\" data-align=\"left\">ASISTENTE ADM 6\/ASISTENTE<br>DE SUBGERENCIA<\/td><td class=\"has-text-align-center\" data-align=\"center\">27-05-2025<\/td><td class=\"has-text-align-center\" data-align=\"center\">28-05-2025<\/td><td class=\"has-text-align-center\" data-align=\"center\">CSR-SPR-018<\/td><td class=\"has-text-align-center\" data-align=\"center\"><a href=\"https:\/\/www.celec.gob.ec\/celecsur\/wp-content\/uploads\/2025\/05\/13.-CONVOCATORIA-ASISTENTE-DE-SUBGERENCIA.pdf\" target=\"_blank\" rel=\"noreferrer noopener\">Ver<\/a><\/td><\/tr><\/tbody><\/table><figcaption class=\"wp-element-caption\"><em>* Recuerde que su postulaci\u00f3n es v\u00e1lida si la realiz\u00f3 dentro de las fechas indicadas en cada proceso.<\/em><\/figcaption><\/figure>\n<\/div><\/details>\n\n\n\n<details class=\"wp-block-themeisle-blocks-accordion-item\"><summary class=\"wp-block-themeisle-blocks-accordion-item__title\"><div>Junio<\/div><\/summary><div class=\"wp-block-themeisle-blocks-accordion-item__content\">\n<figure class=\"wp-block-table aligncenter is-style-stripes has-small-font-size\"><table class=\"has-fixed-layout\"><thead><tr><th class=\"has-text-align-center\" data-align=\"center\">Nro. Vacantes<\/th><th class=\"has-text-align-left\" data-align=\"left\">Cargo<\/th><th class=\"has-text-align-center\" data-align=\"center\">Fecha de Publicaci\u00f3n<\/th><th class=\"has-text-align-center\" data-align=\"center\">Fecha de Finalizaci\u00f3n<\/th><th class=\"has-text-align-center\" data-align=\"center\">C\u00f3digo de Proceso<\/th><th class=\"has-text-align-center\" data-align=\"center\">Convocatoria<\/th><\/tr><\/thead><tbody><tr><td class=\"has-text-align-center\" data-align=\"center\">1<\/td><td class=\"has-text-align-left\" data-align=\"left\">ASISTENTE ADM 5ASISTENTE ADM 7 \/ ASISTENTE DE<br>SERVICIOS GENERALES<\/td><td class=\"has-text-align-center\" data-align=\"center\">12-06-2025<\/td><td class=\"has-text-align-center\" data-align=\"center\">13-06-2025<\/td><td class=\"has-text-align-center\" data-align=\"center\">CSR-SAD-019<\/td><td class=\"has-text-align-center\" data-align=\"center\"><a href=\"https:\/\/www.celec.gob.ec\/celecsur\/wp-content\/uploads\/2025\/06\/8-CONVOCATORIA-ASISTENTE-ADM-7-ASISTENTE-DE-SERVICIOS-GENERALES.pdf\" target=\"_blank\" rel=\"noreferrer noopener\">Ver<\/a><\/td><\/tr><\/tbody><\/table><figcaption class=\"wp-element-caption\"><em>* Recuerde que su postulaci\u00f3n es v\u00e1lida si la realiz\u00f3 dentro de las fechas indicadas en cada proceso.<\/em><\/figcaption><\/figure>\n<\/div><\/details>\n\n\n\n<details class=\"wp-block-themeisle-blocks-accordion-item\"><summary class=\"wp-block-themeisle-blocks-accordion-item__title\"><div>Julio<\/div><\/summary><div class=\"wp-block-themeisle-blocks-accordion-item__content\">\n<figure class=\"wp-block-table aligncenter is-style-stripes has-small-font-size\"><table class=\"has-fixed-layout\"><thead><tr><th class=\"has-text-align-center\" data-align=\"center\">Nro. Vacantes<\/th><th class=\"has-text-align-left\" data-align=\"left\">Cargo<\/th><th class=\"has-text-align-center\" data-align=\"center\">Fecha de Publicaci\u00f3n<\/th><th class=\"has-text-align-center\" data-align=\"center\">Fecha de Finalizaci\u00f3n<\/th><th class=\"has-text-align-center\" data-align=\"center\">C\u00f3digo de Proceso<\/th><th class=\"has-text-align-center\" data-align=\"center\">Convocatoria<\/th><\/tr><\/thead><tbody><tr><td class=\"has-text-align-center\" data-align=\"center\">1<\/td><td class=\"has-text-align-left\" data-align=\"left\">ASISTENTE ADM 6\/ASISTENTE<br>DE GESTI\u00d3N SOCIAL Y<br>AMBIENTAL<\/td><td class=\"has-text-align-center\" data-align=\"center\">03-07-2025<\/td><td class=\"has-text-align-center\" data-align=\"center\">04-07-2025<\/td><td class=\"has-text-align-center\" data-align=\"center\">CSR-JGA-020<\/td><td class=\"has-text-align-center\" data-align=\"center\"><a href=\"https:\/\/www.celec.gob.ec\/celecsur\/wp-content\/uploads\/2025\/07\/13.-CONVOCATORIA-ASISTENTE-GESTION-SOCIAL-Y-AMBIENTAL.pdf\" target=\"_blank\" rel=\"noreferrer noopener\">Ver<\/a><\/td><\/tr><tr><td class=\"has-text-align-center\" data-align=\"center\">1<\/td><td class=\"has-text-align-left\" data-align=\"left\">ASISTENTE ADM 7 \/ ASISTENTE DE SEGURIDAD LABORAL<\/td><td class=\"has-text-align-center\" data-align=\"center\">14-07-2025<\/td><td class=\"has-text-align-center\" data-align=\"center\">15-07-2025<\/td><td class=\"has-text-align-center\" data-align=\"center\">CSR-JSSL-021<\/td><td class=\"has-text-align-center\" data-align=\"center\"><a href=\"https:\/\/www.celec.gob.ec\/celecsur\/wp-content\/uploads\/2025\/07\/8-CONVOCATORIA-ASISTENTE-ADM-7-ASISTENTE-DE-SEGURIDAD-LABORAL.pdf\" target=\"_blank\" rel=\"noreferrer noopener\">Ver<\/a><\/td><\/tr><\/tbody><\/table><figcaption class=\"wp-element-caption\"><em>* Recuerde que su postulaci\u00f3n es v\u00e1lida si la realiz\u00f3 dentro de las fechas indicadas en cada proceso.<\/em><\/figcaption><\/figure>\n<\/div><\/details>\n\n\n\n<details class=\"wp-block-themeisle-blocks-accordion-item\"><summary class=\"wp-block-themeisle-blocks-accordion-item__title\"><div>Agosto<\/div><\/summary><div class=\"wp-block-themeisle-blocks-accordion-item__content\">\n<p><\/p>\n<\/div><\/details>\n\n\n\n<details class=\"wp-block-themeisle-blocks-accordion-item\"><summary class=\"wp-block-themeisle-blocks-accordion-item__title\"><div>Septiembre<\/div><\/summary><div class=\"wp-block-themeisle-blocks-accordion-item__content\">\n<figure class=\"wp-block-table aligncenter is-style-stripes has-small-font-size\"><table class=\"has-fixed-layout\"><thead><tr><th class=\"has-text-align-center\" data-align=\"center\">Nro. Vacantes<\/th><th class=\"has-text-align-left\" data-align=\"left\">Cargo<\/th><th class=\"has-text-align-center\" data-align=\"center\">Fecha de Publicaci\u00f3n<\/th><th class=\"has-text-align-center\" data-align=\"center\">Fecha de Finalizaci\u00f3n<\/th><th class=\"has-text-align-center\" data-align=\"center\">C\u00f3digo de Proceso<\/th><th class=\"has-text-align-center\" data-align=\"center\">Convocatoria<\/th><\/tr><\/thead><tbody><tr><td class=\"has-text-align-center\" data-align=\"center\">1<\/td><td class=\"has-text-align-left\" data-align=\"left\">ESPECIALISTA ADM 4 \/<br>ESPECIALISTA JUR\u00cdDICO<\/td><td class=\"has-text-align-center\" data-align=\"center\">24-09-2025<\/td><td class=\"has-text-align-center\" data-align=\"center\">25-09-2025<\/td><td class=\"has-text-align-center\" data-align=\"center\">CSR-SJ-027<\/td><td class=\"has-text-align-center\" data-align=\"center\"><a href=\"https:\/\/www.celec.gob.ec\/celecsur\/wp-content\/uploads\/2025\/09\/8-CONVOCATORIA-ESPECIALISTA-ADM-4-ESPECIALISTA-JURIDICO.pdf\" target=\"_blank\" rel=\"noreferrer noopener\">Ver<\/a><\/td><\/tr><tr><td class=\"has-text-align-center\" data-align=\"center\">1<\/td><td class=\"has-text-align-left\" data-align=\"left\">ESPECIALISTA TEC 3\/ ESPECIALISTA<br>DE INGENIERIA Y OBRA CIVIL<\/td><td class=\"has-text-align-center\" data-align=\"center\">23-09-2025<\/td><td class=\"has-text-align-center\" data-align=\"center\">24-09-2025<\/td><td class=\"has-text-align-center\" data-align=\"center\">CSR-SPR-025<\/td><td class=\"has-text-align-center\" data-align=\"center\"><a href=\"https:\/\/www.celec.gob.ec\/celecsur\/wp-content\/uploads\/2025\/09\/8-CONVOCATORIA-ESPECIALISTA-TEC-3ESPECIALISTA-DE-INGENIERIA-Y-OBRA-CIVIL.pdf\" target=\"_blank\" rel=\"noreferrer noopener\">Ver<\/a><\/td><\/tr><\/tbody><\/table><figcaption class=\"wp-element-caption\"><em>* Recuerde que su postulaci\u00f3n es v\u00e1lida si la realiz\u00f3 dentro de las fechas indicadas en cada proceso.<\/em><\/figcaption><\/figure>\n<\/div><\/details>\n\n\n\n<details class=\"wp-block-themeisle-blocks-accordion-item\"><summary class=\"wp-block-themeisle-blocks-accordion-item__title\"><div>Octubre<\/div><\/summary><div class=\"wp-block-themeisle-blocks-accordion-item__content\">\n<figure class=\"wp-block-table aligncenter is-style-stripes has-small-font-size\"><table class=\"has-fixed-layout\"><thead><tr><th class=\"has-text-align-center\" data-align=\"center\">Nro. Vacantes<\/th><th class=\"has-text-align-left\" data-align=\"left\">Cargo<\/th><th class=\"has-text-align-center\" data-align=\"center\">Fecha de Publicaci\u00f3n<\/th><th class=\"has-text-align-center\" data-align=\"center\">Fecha de Finalizaci\u00f3n<\/th><th class=\"has-text-align-center\" data-align=\"center\">C\u00f3digo de Proceso<\/th><th class=\"has-text-align-center\" data-align=\"center\">Convocatoria<\/th><\/tr><\/thead><tbody><tr><td class=\"has-text-align-center\" data-align=\"center\">1<\/td><td class=\"has-text-align-left\" data-align=\"left\">ASISTENTE ADM 5 \/ ASISTENTE ADMINISTRATIVO<\/td><td class=\"has-text-align-center\" data-align=\"center\">21-10-2025<\/td><td class=\"has-text-align-center\" data-align=\"center\">22-10-2025<\/td><td class=\"has-text-align-center\" data-align=\"center\">CSR-SPR-029<\/td><td class=\"has-text-align-center\" data-align=\"center\"><a href=\"https:\/\/www.celec.gob.ec\/celecsur\/wp-content\/uploads\/2025\/10\/8-CONVOCATORIA-ASISTENTE-ADM-5-ASISTENTE-ADMINISTRATIVA.pdf\" target=\"_blank\" rel=\"noreferrer noopener\">Ver<\/a><\/td><\/tr><tr><td class=\"has-text-align-center\" data-align=\"center\">1<\/td><td class=\"has-text-align-left\" data-align=\"left\">ASISTENTE ADM 4 \/ AUXILIAR DE<br>SERVICIOS GENERALES<\/td><td class=\"has-text-align-center\" data-align=\"center\">15-10-2025<\/td><td class=\"has-text-align-center\" data-align=\"center\">16-10-2025<\/td><td class=\"has-text-align-center\" data-align=\"center\">CSR-SAD-032<\/td><td class=\"has-text-align-center\" data-align=\"center\"><a href=\"https:\/\/www.celec.gob.ec\/celecsur\/wp-content\/uploads\/2025\/10\/8.-CONVOCATORIA-ASISTENTE-ADM-4-AUXILIAR-SERVICIOS-GENERALES.pdf\" target=\"_blank\" rel=\"noreferrer noopener\">Ver<\/a><\/td><\/tr><tr><td class=\"has-text-align-center\" data-align=\"center\">4<\/td><td class=\"has-text-align-left\" data-align=\"left\">ASISTENTE ADM 4 \/ AUXILIAR DE SERVICIOS  MISCELANEO<\/td><td class=\"has-text-align-center\" data-align=\"center\">15-10-2025<\/td><td class=\"has-text-align-center\" data-align=\"center\">16-10-2025<\/td><td class=\"has-text-align-center\" data-align=\"center\">CSR-SAD-031<\/td><td class=\"has-text-align-center\" data-align=\"center\"><a href=\"https:\/\/www.celec.gob.ec\/celecsur\/wp-content\/uploads\/2025\/10\/8-CONVOCATORIA-ASISTENTE-ADM-4-Auxiliar-Servicios-Miscelaneos.pdf\" target=\"_blank\" rel=\"noreferrer noopener\">Ver<\/a><\/td><\/tr><tr><td class=\"has-text-align-center\" data-align=\"center\">3<\/td><td class=\"has-text-align-left\" data-align=\"left\">ASISTENTE TEC 7 \/ ASISTENTE EL\u00c9CTRICO GENERACI\u00d3N HIDR\u00c1ULICA<\/td><td class=\"has-text-align-center\" data-align=\"center\">15-10-2025<\/td><td class=\"has-text-align-center\" data-align=\"center\">16-10-2025<\/td><td class=\"has-text-align-center\" data-align=\"center\">CSR-SPR-030<\/td><td class=\"has-text-align-center\" data-align=\"center\"><a href=\"https:\/\/www.celec.gob.ec\/celecsur\/wp-content\/uploads\/2025\/10\/8-CONVOCATORIA-ASISTENTE-TEC-7-Asistente-Electrico-GH.pdf\" target=\"_blank\" rel=\"noreferrer noopener\">Ver<\/a><\/td><\/tr><tr><td class=\"has-text-align-center\" data-align=\"center\">1<\/td><td class=\"has-text-align-left\" data-align=\"left\">ESPECIALISTA ADM 4 \/<br>ESPECIALISTA JUR\u00cdDICO<\/td><td class=\"has-text-align-center\" data-align=\"center\">13-10-2025<\/td><td class=\"has-text-align-center\" data-align=\"center\">14-10-2025<\/td><td class=\"has-text-align-center\" data-align=\"center\">CSR-SJ-027<\/td><td class=\"has-text-align-center\" data-align=\"center\"><a href=\"https:\/\/www.celec.gob.ec\/celecsur\/wp-content\/uploads\/2025\/10\/8-CONVOCATORIA-ESPECIALISTA-ADM-4-ESPECIALISTA-JURIDICO.pdf\" target=\"_blank\" rel=\"noreferrer noopener\">Ver<\/a><\/td><\/tr><tr><td class=\"has-text-align-center\" data-align=\"center\">1<\/td><td class=\"has-text-align-left\" data-align=\"left\">ESPECIALISTA ADM 2 \/ <br>ESPECIALISTA DE TRABAJO SOCIAL<\/td><td class=\"has-text-align-center\" data-align=\"center\">01-10-2025<\/td><td class=\"has-text-align-center\" data-align=\"center\">02-10-2025<\/td><td class=\"has-text-align-center\" data-align=\"center\">CSR-SAD-028<\/td><td class=\"has-text-align-center\" data-align=\"center\"><\/td><\/tr><\/tbody><\/table><figcaption class=\"wp-element-caption\"><em>1. Recuerde que su postulaci\u00f3n es v\u00e1lida si la realiz\u00f3 dentro de las fechas indicadas en cada proceso.<\/em> <br>2. <em>Recuerde enviar al correo electr\u00f3nico<\/em> <strong><a href=\"mailto:seleccion.celecsur@celec.gob.gob.ec\">seleccion.celecsur@celec.gob.ec<\/a> <\/strong><em>su hoja de vida actualizada y documentos de respaldo en formato PDF. En el Asunto del correo electr\u00f3nico debe constar el <strong>c\u00f3digo del proceso al que aplica<\/strong>.<\/em><\/figcaption><\/figure>\n\n\n\n<p><\/p>\n<\/div><\/details>\n\n\n\n<details class=\"wp-block-themeisle-blocks-accordion-item\"><summary class=\"wp-block-themeisle-blocks-accordion-item__title\"><div>Noviembre<\/div><\/summary><div class=\"wp-block-themeisle-blocks-accordion-item__content\">\n<figure class=\"wp-block-table aligncenter is-style-stripes has-small-font-size\"><table class=\"has-fixed-layout\"><thead><tr><th class=\"has-text-align-center\" data-align=\"center\">Nro. Vacantes<\/th><th class=\"has-text-align-left\" data-align=\"left\">Cargo<\/th><th class=\"has-text-align-center\" data-align=\"center\">Fecha de Publicaci\u00f3n<\/th><th class=\"has-text-align-center\" data-align=\"center\">Fecha de Finalizaci\u00f3n<\/th><th class=\"has-text-align-center\" data-align=\"center\">C\u00f3digo de Proceso<\/th><th class=\"has-text-align-center\" data-align=\"center\">Convocatoria<\/th><\/tr><\/thead><tbody><tr><td class=\"has-text-align-center\" data-align=\"center\">1<\/td><td class=\"has-text-align-left\" data-align=\"left\">ESPECIALISTA ADM 2 \/ <br>ESPECIALISTA DE TRABAJO SOCIAL<\/td><td class=\"has-text-align-center\" data-align=\"center\">11-11-2025<\/td><td class=\"has-text-align-center\" data-align=\"center\">12-11-2025<\/td><td class=\"has-text-align-center\" data-align=\"center\">CSR-SAD-028<\/td><td class=\"has-text-align-center\" data-align=\"center\"><a href=\"https:\/\/www.celec.gob.ec\/celecsur\/wp-content\/uploads\/2025\/11\/8-CONVOCATORIA-ESPECIALISTA-ADM-2-ESPECIALISTA-DE-TRABAJO-SOCIAL2.pdf\" target=\"_blank\" rel=\"noreferrer noopener\">Ver<\/a> <br><br> Aplicar<\/td><\/tr><tr><td class=\"has-text-align-center\" data-align=\"center\">1<\/td><td class=\"has-text-align-left\" data-align=\"left\">ESPECIALISTA ADM 2 \u2013 ESPECIALISTA DE SALUD OCUPACIONAL Y SEGURIDAD LABORAL<\/td><td class=\"has-text-align-center\" data-align=\"center\">11-11-2025<\/td><td class=\"has-text-align-center\" data-align=\"center\">12-11-2025<\/td><td class=\"has-text-align-center\" data-align=\"center\">CSR-JSSL-033<\/td><td class=\"has-text-align-center\" data-align=\"center\"><a href=\"https:\/\/www.celec.gob.ec\/celecsur\/wp-content\/uploads\/2025\/10\/8-CONVOCATORIA-ESPECIALISTA-ADM-2-ESPECIALISTA-DE-TRABAJO-SOCIAL.pdf\" target=\"_blank\" rel=\"noreferrer noopener\"><\/a><a href=\"https:\/\/www.celec.gob.ec\/celecsur\/wp-content\/uploads\/2025\/11\/8-CONVOCATORIA-ESPECIALISTA-SEG.-OCUPACIONAL.pdf\" target=\"_blank\" rel=\"noreferrer noopener\">Ver<\/a><br><br> Aplicar<\/td><\/tr><tr><td class=\"has-text-align-center\" data-align=\"center\">1<\/td><td class=\"has-text-align-left\" data-align=\"left\">ASISTENTE ADM 6\/ASISTENTE<br>ADMINISTRATIVO<\/td><td class=\"has-text-align-center\" data-align=\"center\">12-11-2025<\/td><td class=\"has-text-align-center\" data-align=\"center\">13-11-2025<\/td><td class=\"has-text-align-center\" data-align=\"center\">CSR-SJR-035<\/td><td class=\"has-text-align-center\" data-align=\"center\"><a href=\"https:\/\/www.celec.gob.ec\/celecsur\/wp-content\/uploads\/2025\/11\/13.-CONVOCATORIA-ASISTENTE-ADMINISTRATIVO.pdf\" target=\"_blank\" rel=\"noreferrer noopener\">Ver<\/a><br><br> Aplicar<\/td><\/tr><tr><td class=\"has-text-align-center\" data-align=\"center\">1<\/td><td class=\"has-text-align-left\" data-align=\"left\">ESPECIALISTA ADM 5 \u2013 ESPECIALISTA DE CALIDAD Y PROCESOS<\/td><td class=\"has-text-align-center\" data-align=\"center\">13-11-2025<\/td><td class=\"has-text-align-center\" data-align=\"center\">14-11-2025<\/td><td class=\"has-text-align-center\" data-align=\"center\">CSR-SGO-034<\/td><td class=\"has-text-align-center\" data-align=\"center\"><a href=\"https:\/\/www.celec.gob.ec\/celecsur\/wp-content\/uploads\/2025\/11\/8-CONVOCATORIA-ESPECIALISTA-CALIDAD-Y-PROCESOS-2.pdf\" target=\"_blank\" rel=\"noreferrer noopener\">Ver<\/a><br><br> Aplicar<\/td><\/tr><tr><td class=\"has-text-align-center\" data-align=\"center\">1<\/td><td class=\"has-text-align-left\" data-align=\"left\">ASISTENTE ADM 6 \/ ASISTENTE<br>ADMINISTRATIVO<\/td><td class=\"has-text-align-center\" data-align=\"center\">13-11-2025<\/td><td class=\"has-text-align-center\" data-align=\"center\">14-11-2025<\/td><td class=\"has-text-align-center\" data-align=\"center\">CSR-SGO-036<\/td><td class=\"has-text-align-center\" data-align=\"center\"><a href=\"https:\/\/www.celec.gob.ec\/celecsur\/wp-content\/uploads\/2025\/11\/8-CONVOCATORIA-ASISTENTE-ADM-6-ASISTENTE-ADMINISTRATIVO-2.pdf\" target=\"_blank\" rel=\"noreferrer noopener\">Ver<\/a><br><br> Aplicar<\/td><\/tr><tr><td class=\"has-text-align-center\" data-align=\"center\">1<\/td><td class=\"has-text-align-left\" data-align=\"left\">ASISTENTE ADM 7 \/ ASISTENTE DE BODEGA E INVENTARIOS<\/td><td class=\"has-text-align-center\" data-align=\"center\">24-11-2025<\/td><td class=\"has-text-align-center\" data-align=\"center\">25-11-2025<\/td><td class=\"has-text-align-center\" data-align=\"center\">CSR-SAD-037<\/td><td class=\"has-text-align-center\" data-align=\"center\"><a href=\"https:\/\/www.celec.gob.ec\/celecsur\/wp-content\/uploads\/2025\/11\/8-CONVOCATORIA-ASISTENTE-DE-BODEGA-E-INVENTARIOS.pdf\" target=\"_blank\" rel=\"noreferrer noopener\">Ver<\/a><br><br>Aplica<\/td><\/tr><\/tbody><\/table><figcaption class=\"wp-element-caption\"><em>1. Recuerde que su postulaci\u00f3n es v\u00e1lida si la realiz\u00f3 dentro de las fechas indicadas en cada proceso.<\/em> <br>2. <em>Recuerde enviar al correo electr\u00f3nico<\/em> <strong><a href=\"mailto:seleccion.celecsur@celec.gob.gob.ec\">seleccion.celecsur@celec.gob.ec<\/a> <\/strong><em>su hoja de vida actualizada y documentos de respaldo en formato PDF. En el Asunto del correo electr\u00f3nico debe constar el <strong>c\u00f3digo del proceso al que aplica<\/strong>.<\/em><\/figcaption><\/figure>\n\n\n\n<p><\/p>\n<\/div><\/details>\n\n\n\n<details open class=\"wp-block-themeisle-blocks-accordion-item\"><summary class=\"wp-block-themeisle-blocks-accordion-item__title\"><div>Diciembre<\/div><\/summary><div class=\"wp-block-themeisle-blocks-accordion-item__content\">\n<figure class=\"wp-block-table aligncenter is-style-stripes has-small-font-size\"><table class=\"has-fixed-layout\"><thead><tr><th class=\"has-text-align-center\" data-align=\"center\">Nro. Vacantes<\/th><th class=\"has-text-align-left\" data-align=\"left\">Cargo<\/th><th class=\"has-text-align-center\" data-align=\"center\">Fecha de Publicaci\u00f3n<\/th><th class=\"has-text-align-center\" data-align=\"center\">Fecha de Finalizaci\u00f3n<\/th><th class=\"has-text-align-center\" data-align=\"center\">C\u00f3digo de Proceso<\/th><th class=\"has-text-align-center\" data-align=\"center\">Convocatoria<\/th><\/tr><\/thead><tbody><tr><td class=\"has-text-align-center\" data-align=\"center\">1<\/td><td class=\"has-text-align-left\" data-align=\"left\">ESPECIALISTA ADM 3 \u2013 M\u00c9DICO<\/td><td class=\"has-text-align-center\" data-align=\"center\">15-12-2025<\/td><td class=\"has-text-align-center\" data-align=\"center\">16-12-2025<\/td><td class=\"has-text-align-center\" data-align=\"center\">CSR-JSS-038<\/td><td class=\"has-text-align-center\" data-align=\"center\"><a href=\"https:\/\/www.celec.gob.ec\/celecsur\/wp-content\/uploads\/2025\/12\/8-CONVOCATORIA-ESPECIALISTA-ADM-3-\u2013-MEDICO.pdf\" target=\"_blank\" rel=\"noreferrer noopener\">Ver<\/a><br><br><a href=\"https:\/\/forms.gle\/RVDZqV1FpowytBRu5\" target=\"_blank\" rel=\"noreferrer noopener\">Aplica<\/a><\/td><\/tr><tr><td class=\"has-text-align-center\" data-align=\"center\">1<\/td><td class=\"has-text-align-left\" data-align=\"left\">ESPECIALISTA TEC 4 \u2013 ESPECIALISTA DE INGENIER\u00cdA DE PRODUCCI\u00d3N DRAGADO E HIDROLOG\u00cdA GENERACI\u00d3N HIDR\u00c1ULICA<\/td><td class=\"has-text-align-center\" data-align=\"center\">15-12-2025<\/td><td class=\"has-text-align-center\" data-align=\"center\">16-12-2025<\/td><td class=\"has-text-align-center\" data-align=\"center\">CSR-SPR-039<\/td><td class=\"has-text-align-center\" data-align=\"center\"><a href=\"https:\/\/www.celec.gob.ec\/celecsur\/wp-content\/uploads\/2025\/12\/8-CONVOCATORIA-ESPEC.-INGEN.-PROD.-DRAGADO-E-HIDROLOGIA-GH.pdf\" target=\"_blank\" rel=\"noreferrer noopener\">Ver<\/a><br><br><a href=\"https:\/\/forms.gle\/gHitiyo9NTxtC9PX9\" target=\"_blank\" rel=\"noreferrer noopener\">Aplica<\/a><\/td><\/tr><tr><td class=\"has-text-align-center\" data-align=\"center\">1<\/td><td class=\"has-text-align-left\" data-align=\"left\">ESPECIALISTA ADM 2 \u2013 ESPECIALISTA DE BODEGA E INVENTARIOS<\/td><td class=\"has-text-align-center\" data-align=\"center\">15-12-2025<\/td><td class=\"has-text-align-center\" data-align=\"center\">16-12-2025<\/td><td class=\"has-text-align-center\" data-align=\"center\">CSR-SAD-040<\/td><td class=\"has-text-align-center\" data-align=\"center\"><a href=\"https:\/\/www.celec.gob.ec\/celecsur\/wp-content\/uploads\/2025\/12\/8-CONVOCATORIA-ESPECIALISTA-BODEGA-E-INVENTARIOS.pdf\" target=\"_blank\" rel=\"noreferrer noopener\">Ver<\/a><br><br><a href=\"https:\/\/forms.gle\/zUyhpFvAXbZAyjC57\" target=\"_blank\" rel=\"noreferrer noopener\">Aplica<\/a><\/td><\/tr><tr><td class=\"has-text-align-center\" data-align=\"center\">2<\/td><td class=\"has-text-align-left\" data-align=\"left\">ASISTENTE ADM 7 \u2013 ASISTENTE DE TECNOLOG\u00cdA DE LA INFORMACI\u00d3N Y COMUNICACI\u00d3N.<\/td><td class=\"has-text-align-center\" data-align=\"center\">15-12-2025<\/td><td class=\"has-text-align-center\" data-align=\"center\">16-12-2025<\/td><td class=\"has-text-align-center\" data-align=\"center\">CSR-SGO-041<\/td><td class=\"has-text-align-center\" data-align=\"center\"><a href=\"https:\/\/www.celec.gob.ec\/celecsur\/wp-content\/uploads\/2025\/12\/8-CONVOCATORIA-ASISTENTE-TECN.INFORMACION-Y-COMUNICACION.pdf\" target=\"_blank\" rel=\"noreferrer noopener\">Ver<\/a><br><br><a href=\"https:\/\/forms.gle\/vHYN44sWA6ZEcp1k9\" target=\"_blank\" rel=\"noreferrer noopener\">Aplica<\/a><\/td><\/tr><\/tbody><\/table><figcaption class=\"wp-element-caption\"><em>1. Recuerde que su postulaci\u00f3n es v\u00e1lida si la realiz\u00f3 dentro de las fechas indicadas en cada proceso.<\/em> <br>2. <em>Recuerde enviar al correo electr\u00f3nico<\/em> <strong><a href=\"mailto:seleccion.celecsur@celec.gob.gob.ec\">seleccion.celecsur@celec.gob.ec<\/a> <\/strong><em>su hoja de vida actualizada y documentos de respaldo en formato PDF. En el Asunto del correo electr\u00f3nico debe constar el <strong>c\u00f3digo del proceso al que aplica<\/strong>.<\/em><\/figcaption><\/figure>\n\n\n\n<p><\/p>\n<\/div><\/details>\n<\/div>\n<\/div><\/div>\n\n\n\n<div data-title=\"2024\" class=\"wp-block-themeisle-blocks-tabs-item\"><div class=\"wp-block-themeisle-blocks-tabs-item__header\" tabindex=\"0\">2024<\/div><div class=\"wp-block-themeisle-blocks-tabs-item__content\">\n<div id=\"wp-block-themeisle-blocks-accordion-ace8ffd8\" class=\"wp-block-themeisle-blocks-accordion exclusive\">\n<details class=\"wp-block-themeisle-blocks-accordion-item\"><summary class=\"wp-block-themeisle-blocks-accordion-item__title\"><div>Enero<\/div><\/summary><div class=\"wp-block-themeisle-blocks-accordion-item__content\">\n<p><\/p>\n<\/div><\/details>\n\n\n\n<details class=\"wp-block-themeisle-blocks-accordion-item\"><summary class=\"wp-block-themeisle-blocks-accordion-item__title\"><div>Febrero<\/div><\/summary><div class=\"wp-block-themeisle-blocks-accordion-item__content\">\n<p><\/p>\n<\/div><\/details>\n\n\n\n<details class=\"wp-block-themeisle-blocks-accordion-item\"><summary class=\"wp-block-themeisle-blocks-accordion-item__title\"><div>Marzo<\/div><\/summary><div class=\"wp-block-themeisle-blocks-accordion-item__content\">\n<figure class=\"wp-block-table aligncenter is-style-stripes has-small-font-size\"><table class=\"has-fixed-layout\"><thead><tr><th class=\"has-text-align-center\" data-align=\"center\">Nro. Vacantes<\/th><th class=\"has-text-align-left\" data-align=\"left\">Cargo<\/th><th class=\"has-text-align-center\" data-align=\"center\">Fecha de Publicaci\u00f3n<\/th><th class=\"has-text-align-center\" data-align=\"center\">Fecha de Finalizaci\u00f3n<\/th><th class=\"has-text-align-center\" data-align=\"center\">C\u00f3digo de Proceso<\/th><th class=\"has-text-align-center\" data-align=\"center\">Convocatoria<\/th><\/tr><\/thead><tbody><tr><td class=\"has-text-align-center\" data-align=\"center\">1<\/td><td class=\"has-text-align-left\" data-align=\"left\">ASISTENTE TEC 5 \/<br>ASISTENTE DE<br>GESTI\u00d3N SOCIAL<br>AMBIENTAL<\/td><td class=\"has-text-align-center\" data-align=\"center\">09-04-2024<\/td><td class=\"has-text-align-center\" data-align=\"center\">10-04-2024<\/td><td class=\"has-text-align-center\" data-align=\"center\">CSR-GSA-01-24<\/td><td class=\"has-text-align-center\" data-align=\"center\"><a href=\"https:\/\/www.celec.gob.ec\/celecsur\/wp-content\/uploads\/2024\/04\/11.-CONVOCATORIA-SELECCION-SIMPLE-ASIS-GSA-CELEC-SUR.pdf\" data-type=\"link\" data-id=\"https:\/\/www.celec.gob.ec\/celecsur\/wp-content\/uploads\/2024\/04\/11.-CONVOCATORIA-SELECCION-SIMPLE-ASIS-GSA-CELEC-SUR.pdf\">Ver<\/a><\/td><\/tr><tr><td class=\"has-text-align-center\" data-align=\"center\">2<\/td><td class=\"has-text-align-left\" data-align=\"left\">ESPECIALISTA ADM 3-M\u00c9DICO<\/td><td class=\"has-text-align-center\" data-align=\"center\">20-03-2024<\/td><td class=\"has-text-align-center\" data-align=\"center\">21-03-2024<\/td><td class=\"has-text-align-center\" data-align=\"center\">CSR-SSO-03-2024<\/td><td class=\"has-text-align-center\" data-align=\"center\"><a href=\"https:\/\/www.celec.gob.ec\/celecsur\/wp-content\/uploads\/2024\/03\/11.-CONVOCATORIA-SELECCION-SIMPLE-MEDICO-CELEC-SUR.pdf\" data-type=\"link\" data-id=\"https:\/\/www.celec.gob.ec\/celecsur\/wp-content\/uploads\/2024\/03\/11.-CONVOCATORIA-SELECCION-SIMPLE-MEDICO-CELEC-SUR.pdf\" target=\"_blank\" rel=\"noreferrer noopener\">Ver<\/a><\/td><\/tr><tr><td class=\"has-text-align-center\" data-align=\"center\">1<\/td><td class=\"has-text-align-left\" data-align=\"left\">ASISTENTE<br>ADMINISTRATIVA 5<\/td><td class=\"has-text-align-center\" data-align=\"center\">27-03-2024<\/td><td class=\"has-text-align-center\" data-align=\"center\">28-03-2024<\/td><td class=\"has-text-align-center\" data-align=\"center\">CSR-AP-03-01-2024<\/td><td class=\"has-text-align-center\" data-align=\"center\"><a href=\"https:\/\/www.celec.gob.ec\/celecsur\/wp-content\/uploads\/2024\/03\/CONVOCATORIA-SELECCION-SIMPLE-ASISTE-ADM-5-CELEC-SUR34446.pdf\" data-type=\"link\" data-id=\"https:\/\/www.celec.gob.ec\/celecsur\/wp-content\/uploads\/2024\/03\/CONVOCATORIA-SELECCION-SIMPLE-ASISTE-ADM-5-CELEC-SUR34446.pdf\" target=\"_blank\" rel=\"noreferrer noopener\">Ver<\/a><\/td><\/tr><tr><td class=\"has-text-align-center\" data-align=\"center\">1<\/td><td class=\"has-text-align-left\" data-align=\"left\">ASISTENTE DE<br>SEGURIDAD<br>LABORAL<\/td><td class=\"has-text-align-center\" data-align=\"center\">28-03-2024<\/td><td class=\"has-text-align-center\" data-align=\"center\">29-03-2024<\/td><td class=\"has-text-align-center\" data-align=\"center\">CSR-SSO-04-24<\/td><td class=\"has-text-align-center\" data-align=\"center\"><a href=\"https:\/\/www.celec.gob.ec\/celecsur\/wp-content\/uploads\/2024\/03\/11.-CONVOCATORIA-SELECCION-SIMPLE-ASIS-SL-CELEC-SUR34474.pdf\" data-type=\"link\" data-id=\"https:\/\/www.celec.gob.ec\/celecsur\/wp-content\/uploads\/2024\/03\/CONVOCATORIA-SELECCION-SIMPLE-ASISTE-ADM-5-CELEC-SUR34446.pdf\" target=\"_blank\" rel=\"noreferrer noopener\">Ver<\/a><\/td><\/tr><tr><td class=\"has-text-align-center\" data-align=\"center\">2<\/td><td class=\"has-text-align-left\" data-align=\"left\">ASISTENTE<br>ADMINISTRATIVA 6<\/td><td class=\"has-text-align-center\" data-align=\"center\">28-03-2024<\/td><td class=\"has-text-align-center\" data-align=\"center\">29-03-2024<\/td><td class=\"has-text-align-center\" data-align=\"center\">CSR-SPGO-03-2024<\/td><td class=\"has-text-align-center\" data-align=\"center\"><a href=\"https:\/\/www.celec.gob.ec\/celecsur\/wp-content\/uploads\/2024\/03\/CONVOCATORIA-SELECCION-SIMPLE-ASISTE-ADM-6-CELEC-SUR34478.pdf\" data-type=\"link\" data-id=\"https:\/\/www.celec.gob.ec\/celecsur\/wp-content\/uploads\/2024\/03\/CONVOCATORIA-SELECCION-SIMPLE-ASISTE-ADM-5-CELEC-SUR34446.pdf\" target=\"_blank\" rel=\"noreferrer noopener\">Ver<\/a><\/td><\/tr><tr><td class=\"has-text-align-center\" data-align=\"center\"><\/td><td class=\"has-text-align-left\" data-align=\"left\"><\/td><td class=\"has-text-align-center\" data-align=\"center\"><\/td><td class=\"has-text-align-center\" data-align=\"center\"><\/td><td class=\"has-text-align-center\" data-align=\"center\"><\/td><td class=\"has-text-align-center\" data-align=\"center\"><\/td><\/tr><\/tbody><\/table><figcaption class=\"wp-element-caption\"><em>* Recuerde que su postulaci\u00f3n es v\u00e1lida si la realiz\u00f3 dentro de las fechas indicadas en cada proceso.<\/em><\/figcaption><\/figure>\n<\/div><\/details>\n\n\n\n<details class=\"wp-block-themeisle-blocks-accordion-item\"><summary class=\"wp-block-themeisle-blocks-accordion-item__title\"><div>Abril<\/div><\/summary><div class=\"wp-block-themeisle-blocks-accordion-item__content\">\n<figure class=\"wp-block-table aligncenter is-style-stripes has-small-font-size\"><table class=\"has-fixed-layout\"><thead><tr><th class=\"has-text-align-center\" data-align=\"center\">Nro. Vacantes<\/th><th class=\"has-text-align-left\" data-align=\"left\">Cargo<\/th><th class=\"has-text-align-center\" data-align=\"center\">Fecha de Publicaci\u00f3n<\/th><th class=\"has-text-align-center\" data-align=\"center\">Fecha de Finalizaci\u00f3n<\/th><th class=\"has-text-align-center\" data-align=\"center\">C\u00f3digo de Proceso<\/th><th class=\"has-text-align-center\" data-align=\"center\">Convocatoria<\/th><\/tr><\/thead><tbody><tr><td class=\"has-text-align-center\" data-align=\"center\">2<\/td><td class=\"has-text-align-left\" data-align=\"left\">ESPECIALISTA TEC 1<br>\/OPERADOR DE<br>CENTRO DE<br>CONTROL<br>GENERACI\u00d3N<br>HIDRAULICA<\/td><td class=\"has-text-align-center\" data-align=\"center\">26-04-2024<\/td><td class=\"has-text-align-center\" data-align=\"center\">01-05-2024<\/td><td class=\"has-text-align-center\" data-align=\"center\">CSR-SGP-07-24<\/td><td class=\"has-text-align-center\" data-align=\"center\"><a href=\"https:\/\/www.celec.gob.ec\/celecsur\/wp-content\/uploads\/2024\/04\/CONVOCATORIA-SELECCION-CONCURSO-CELEC-SUR-1.pdf\">Ver<\/a><\/td><\/tr><tr><td class=\"has-text-align-center\" data-align=\"center\">1<\/td><td class=\"has-text-align-left\" data-align=\"left\">ESPECIALISTA TEC 2\/<br>ESPECIALISTA DE<br>INGENIERIA DE LA<br>PRODUCCI\u00d3N DRAGADO E<br>HIDROLOG\u00cdA<\/td><td class=\"has-text-align-center\" data-align=\"center\">24-04-2024<\/td><td class=\"has-text-align-center\" data-align=\"center\">29-04-2024<\/td><td class=\"has-text-align-center\" data-align=\"center\">CSR-SGP-06-24<\/td><td class=\"has-text-align-center\" data-align=\"center\"><a href=\"https:\/\/www.celec.gob.ec\/celecsur\/wp-content\/uploads\/2024\/04\/CONVOCATORIA-ESPECIALISTA-DE-INGENIERIA-DE-LA-PRODUCCION-DRAGADO-E-HIDROLOGIA.pdf\">Ver<\/a><\/td><\/tr><tr><td class=\"has-text-align-center\" data-align=\"center\">3<\/td><td class=\"has-text-align-left\" data-align=\"left\">ASISTENTE T\u00c9CNICO 3-<br>AUXILIAR DE<br>MANTENIMIENTO DE<br>INFRAESTRUCTURAS<br>CIVILES<\/td><td class=\"has-text-align-center\" data-align=\"center\">09-04-2024<\/td><td class=\"has-text-align-center\" data-align=\"center\">12-04-2024<\/td><td class=\"has-text-align-center\" data-align=\"center\">CSR-SGP-05-24<\/td><td class=\"has-text-align-center\" data-align=\"center\"><a href=\"https:\/\/www.celec.gob.ec\/celecsur\/wp-content\/uploads\/2024\/04\/CONVOCATORIA-CONCURSO-AUX-INFRA-CIVILCELEC-SUR.pdf\" data-type=\"link\" data-id=\"https:\/\/www.celec.gob.ec\/celecsur\/wp-content\/uploads\/2024\/04\/CONVOCATORIA-CONCURSO-AUX-INFRA-CIVILCELEC-SUR.pdf\">Ver<\/a><\/td><\/tr><tr><td class=\"has-text-align-center\" data-align=\"center\">1<\/td><td class=\"has-text-align-left\" data-align=\"left\">ESPECIALISTA TEC 2\/<br>ESPECIALISTA DE<br>INGENIERIA DE LA<br>PRODUCCI\u00d3N DRAGADO E<br>HIDROLOG\u00cdA.<\/td><td class=\"has-text-align-center\" data-align=\"center\">09-04-2024<\/td><td class=\"has-text-align-center\" data-align=\"center\">12-04-2024<\/td><td class=\"has-text-align-center\" data-align=\"center\">CSR-SGP-04-24<\/td><td class=\"has-text-align-center\" data-align=\"center\"><a href=\"https:\/\/www.celec.gob.ec\/celecsur\/wp-content\/uploads\/2024\/04\/CONVOCATORIA-CONCURSO-ESP-INGENIERIA-HIDROLOGIA-CELEC-SUR.pdf\" data-type=\"link\" data-id=\"https:\/\/www.celec.gob.ec\/celecsur\/wp-content\/uploads\/2024\/04\/CONVOCATORIA-CONCURSO-ESP-INGENIERIA-HIDROLOGIA-CELEC-SUR.pdf\">Ver<\/a><\/td><\/tr><tr><td class=\"has-text-align-center\" data-align=\"center\">1<\/td><td class=\"has-text-align-left\" data-align=\"left\">ASISTENTE TEC 5 \/<br>ASISTENTE DE<br>GESTI\u00d3N SOCIAL<br>AMBIENTAL<\/td><td class=\"has-text-align-center\" data-align=\"center\">09-04-2024<\/td><td class=\"has-text-align-center\" data-align=\"center\">10-04-2024<\/td><td class=\"has-text-align-center\" data-align=\"center\">CSR-GSA-01-24<\/td><td class=\"has-text-align-center\" data-align=\"center\"><a href=\"https:\/\/www.celec.gob.ec\/celecsur\/wp-content\/uploads\/2024\/04\/11.-CONVOCATORIA-SELECCION-SIMPLE-ASIS-GSA-CELEC-SUR.pdf\" data-type=\"link\" data-id=\"https:\/\/www.celec.gob.ec\/celecsur\/wp-content\/uploads\/2024\/04\/11.-CONVOCATORIA-SELECCION-SIMPLE-ASIS-GSA-CELEC-SUR.pdf\">Ver<\/a><\/td><\/tr><tr><td class=\"has-text-align-center\" data-align=\"center\">2<\/td><td class=\"has-text-align-left\" data-align=\"left\">ESPECIALISTA TEC 1<br>\/OPERADOR DE<br>CENTRO DE<br>CONTROL<br>GENERACI\u00d3N<br>HIDRAULICA<\/td><td class=\"has-text-align-center\" data-align=\"center\">08-04-2024 13:00<\/td><td class=\"has-text-align-center\" data-align=\"center\">11-04-2024 13:00<\/td><td class=\"has-text-align-center\" data-align=\"center\">CSR-SGP-03-24<\/td><td class=\"has-text-align-center\" data-align=\"center\"><a href=\"https:\/\/www.celec.gob.ec\/celecsur\/wp-content\/uploads\/2024\/04\/11.-CONVOCATORIA-SELECCION-CELEC-SUR-1.pdf\" data-type=\"link\" data-id=\"https:\/\/www.celec.gob.ec\/celecsur\/wp-content\/uploads\/2024\/04\/11.-CONVOCATORIA-SELECCION-CELEC-SUR-1.pdf\">Ver<\/a><\/td><\/tr><tr><td class=\"has-text-align-center\" data-align=\"center\">1<\/td><td class=\"has-text-align-left\" data-align=\"left\">ASISTENTE ADM 7\/<br>ASISTENTE DE<br>BODEGA E<br>INVENTARIO<\/td><td class=\"has-text-align-center\" data-align=\"center\">04-04-2024<\/td><td class=\"has-text-align-center\" data-align=\"center\">05-04-2024<\/td><td class=\"has-text-align-center\" data-align=\"center\">CSR-<br>SABINV-04-2024<\/td><td class=\"has-text-align-center\" data-align=\"center\"><a href=\"https:\/\/www.celec.gob.ec\/celecsur\/wp-content\/uploads\/2024\/04\/CONVOCATORIA-SELECCION-SIMPLE-ASIST-BODEGA-E-INV-CELEC-SUR.pdf\" data-type=\"link\" data-id=\"https:\/\/www.celec.gob.ec\/celecsur\/wp-content\/uploads\/2024\/04\/CONVOCATORIA-SELECCION-SIMPLE-ASIST-BODEGA-E-INV-CELEC-SUR.pdf\">Ver<\/a><\/td><\/tr><tr><td class=\"has-text-align-center\" data-align=\"center\">1<\/td><td class=\"has-text-align-left\" data-align=\"left\">ESPECIALISTA TEC 6<br>\/ JEFE DE<br>MANTENIMIENTO<br>MEC\u00c1NICO<\/td><td class=\"has-text-align-center\" data-align=\"center\">01-04-2024<\/td><td class=\"has-text-align-center\" data-align=\"center\">04-04-2024<\/td><td class=\"has-text-align-center\" data-align=\"center\">CSR-SGP-01-24<\/td><td class=\"has-text-align-center\" data-align=\"center\"><a href=\"https:\/\/www.celec.gob.ec\/celecsur\/wp-content\/uploads\/2024\/04\/11.-CONVOCATORIA-SELECCION-JEFE-MTO-MECANICO-CELEC-SUR.pdf\" data-type=\"link\" data-id=\"https:\/\/www.celec.gob.ec\/celecsur\/wp-content\/uploads\/2024\/04\/11.-CONVOCATORIA-SELECCION-JEFE-MTO-MECANICO-CELEC-SUR.pdf\">Ver<\/a><\/td><\/tr><tr><td class=\"has-text-align-center\" data-align=\"center\"><\/td><td class=\"has-text-align-left\" data-align=\"left\"><\/td><td class=\"has-text-align-center\" data-align=\"center\"><\/td><td class=\"has-text-align-center\" data-align=\"center\"><\/td><td class=\"has-text-align-center\" data-align=\"center\"><\/td><td class=\"has-text-align-center\" data-align=\"center\"><\/td><\/tr><\/tbody><\/table><figcaption class=\"wp-element-caption\"><em>* Recuerde que su postulaci\u00f3n es v\u00e1lida si la realiz\u00f3 dentro de las fechas indicadas en cada proceso.<\/em><\/figcaption><\/figure>\n<\/div><\/details>\n\n\n\n<details class=\"wp-block-themeisle-blocks-accordion-item\"><summary class=\"wp-block-themeisle-blocks-accordion-item__title\"><div>Mayo<\/div><\/summary><div class=\"wp-block-themeisle-blocks-accordion-item__content\">\n<p><\/p>\n<\/div><\/details>\n\n\n\n<details class=\"wp-block-themeisle-blocks-accordion-item\"><summary class=\"wp-block-themeisle-blocks-accordion-item__title\"><div>Junio<\/div><\/summary><div class=\"wp-block-themeisle-blocks-accordion-item__content\">\n<figure class=\"wp-block-table aligncenter is-style-stripes has-small-font-size\"><table class=\"has-fixed-layout\"><thead><tr><th class=\"has-text-align-center\" data-align=\"center\">Nro. Vacantes<\/th><th class=\"has-text-align-left\" data-align=\"left\">Cargo<\/th><th class=\"has-text-align-center\" data-align=\"center\">Fecha de Publicaci\u00f3n<\/th><th class=\"has-text-align-center\" data-align=\"center\">Fecha de Finalizaci\u00f3n<\/th><th class=\"has-text-align-center\" data-align=\"center\">C\u00f3digo de Proceso<\/th><th class=\"has-text-align-center\" data-align=\"center\">Convocatoria<\/th><\/tr><\/thead><tbody><tr><td class=\"has-text-align-center\" data-align=\"center\">2<\/td><td class=\"has-text-align-left\" data-align=\"left\">ASISTENTE ADM<br>7\/ASISTENTE DE<br>CONTABILIDAD<\/td><td class=\"has-text-align-center\" data-align=\"center\">18-06-2024<\/td><td class=\"has-text-align-center\" data-align=\"center\">19-06-2024<\/td><td class=\"has-text-align-center\" data-align=\"center\">CSR-SGF-08-04<\/td><td class=\"has-text-align-center\" data-align=\"center\"><a href=\"https:\/\/www.celec.gob.ec\/celecsur\/wp-content\/uploads\/2024\/06\/12.-CONVOCATORIA-SELECCION-ASIS-CON-1.pdf\" target=\"_blank\" rel=\"noreferrer noopener\">Ver<\/a><\/td><\/tr><tr><td class=\"has-text-align-center\" data-align=\"center\">2<\/td><td class=\"has-text-align-left\" data-align=\"left\">ASISTENTE ADM<br>7\/ASISTENTE DE<br>ADQUISICIONES<\/td><td class=\"has-text-align-center\" data-align=\"center\">14-06-2024<\/td><td class=\"has-text-align-center\" data-align=\"center\">18-06-2024<\/td><td class=\"has-text-align-center\" data-align=\"center\">CSR-SGA-06-05<\/td><td class=\"has-text-align-center\" data-align=\"center\"><a href=\"https:\/\/www.celec.gob.ec\/celecsur\/wp-content\/uploads\/2024\/06\/11.-CONVOCATORIA-ASIS-ADQUISICIONES.pdf\" data-type=\"link\" data-id=\"https:\/\/www.celec.gob.ec\/celecsur\/wp-content\/uploads\/2024\/06\/11.-CONVOCATORIA-ASIS-ADQUISICIONES.pdf\" target=\"_blank\" rel=\"noreferrer noopener\">Ver<\/a><\/td><\/tr><tr><td class=\"has-text-align-center\" data-align=\"center\">3<\/td><td class=\"has-text-align-left\" data-align=\"left\">ASISTENTE ADM<br>7\/ASISTENTE DE<br>CONTABILIDAD<\/td><td class=\"has-text-align-center\" data-align=\"center\">10-06-2024<\/td><td class=\"has-text-align-center\" data-align=\"center\">11-06-2024<\/td><td class=\"has-text-align-center\" data-align=\"center\">CSR-SGF-06-04<\/td><td class=\"has-text-align-center\" data-align=\"center\"><a href=\"https:\/\/www.celec.gob.ec\/celecsur\/wp-content\/uploads\/2024\/06\/12.-CONVOCATORIA-SELECCION-ASIS-CON.pdf\" data-type=\"link\" data-id=\"https:\/\/www.celec.gob.ec\/celecsur\/wp-content\/uploads\/2024\/06\/12.-CONVOCATORIA-SELECCION-ASIS-CON.pdf\">Ver<\/a><\/td><\/tr><tr><td class=\"has-text-align-center\" data-align=\"center\">1<\/td><td class=\"has-text-align-left\" data-align=\"left\">ASISTENTE ADM<br>7\/ASISTENTE DE<br>TESORER\u00cdA<\/td><td class=\"has-text-align-center\" data-align=\"center\">06-06-2024<\/td><td class=\"has-text-align-center\" data-align=\"center\">07-06-2024<\/td><td class=\"has-text-align-center\" data-align=\"center\">CSR-SGF-06-03<\/td><td class=\"has-text-align-center\" data-align=\"center\"><a href=\"https:\/\/www.celec.gob.ec\/celecsur\/wp-content\/uploads\/2024\/06\/12.-CONVOCATORIA-SELECCION-ASIS-TES.pdf\" data-type=\"link\" data-id=\"https:\/\/www.celec.gob.ec\/celecsur\/wp-content\/uploads\/2024\/06\/12.-CONVOCATORIA-SELECCION-ASIS-TES.pdf\" target=\"_blank\" rel=\"noreferrer noopener\">Ver<\/a><\/td><\/tr><tr><td class=\"has-text-align-center\" data-align=\"center\">1<\/td><td class=\"has-text-align-left\" data-align=\"left\">ASISTENTE ADM<br>7\/ASISTENTE DE TIC<br>(SOPORTE)<\/td><td class=\"has-text-align-center\" data-align=\"center\">05-06-2024<\/td><td class=\"has-text-align-center\" data-align=\"center\">09-06-2024<\/td><td class=\"has-text-align-center\" data-align=\"center\">CSR-SGGO-06-02<\/td><td class=\"has-text-align-center\" data-align=\"center\"><a href=\"https:\/\/www.celec.gob.ec\/celecsur\/wp-content\/uploads\/2024\/06\/12.-CONVOCATORIA-ASIS-TIC.pdf\" data-type=\"attachment\" data-id=\"2252\" target=\"_blank\" rel=\"noreferrer noopener\">Ver<\/a><\/td><\/tr><tr><td class=\"has-text-align-center\" data-align=\"center\">1<\/td><td class=\"has-text-align-left\" data-align=\"left\">ASISTENTE ADM<br>7\/ASISTENTE DE<br>ADQUISICIONES<\/td><td class=\"has-text-align-center\" data-align=\"center\">05-06-2024<\/td><td class=\"has-text-align-center\" data-align=\"center\">06-06-2024<\/td><td class=\"has-text-align-center\" data-align=\"center\">CSR-SGA-06-01<\/td><td class=\"has-text-align-center\" data-align=\"center\"><a href=\"https:\/\/www.celec.gob.ec\/celecsur\/wp-content\/uploads\/2024\/06\/12.-CONVOCATORIA-ASIS-ADQ.pdf\" data-type=\"link\" data-id=\"https:\/\/www.celec.gob.ec\/celecsur\/wp-content\/uploads\/2024\/06\/12.-CONVOCATORIA-ASIS-ADQ.pdf\" target=\"_blank\" rel=\"noreferrer noopener\">Ver<\/a><\/td><\/tr><tr><td class=\"has-text-align-center\" data-align=\"center\"><\/td><td class=\"has-text-align-left\" data-align=\"left\"><\/td><td class=\"has-text-align-center\" data-align=\"center\"><\/td><td class=\"has-text-align-center\" data-align=\"center\"><\/td><td class=\"has-text-align-center\" data-align=\"center\"><\/td><td class=\"has-text-align-center\" data-align=\"center\"><\/td><\/tr><\/tbody><\/table><figcaption class=\"wp-element-caption\"><em>* Recuerde que su postulaci\u00f3n es v\u00e1lida si la realiz\u00f3 dentro de las fechas indicadas en cada proceso.<\/em><\/figcaption><\/figure>\n<\/div><\/details>\n\n\n\n<details class=\"wp-block-themeisle-blocks-accordion-item\"><summary class=\"wp-block-themeisle-blocks-accordion-item__title\"><div>Julio<\/div><\/summary><div class=\"wp-block-themeisle-blocks-accordion-item__content\">\n<figure class=\"wp-block-table aligncenter is-style-stripes has-small-font-size\"><table class=\"has-fixed-layout\"><thead><tr><th class=\"has-text-align-center\" data-align=\"center\">Nro. Vacantes<\/th><th class=\"has-text-align-left\" data-align=\"left\">Cargo<\/th><th class=\"has-text-align-center\" data-align=\"center\">Fecha de Publicaci\u00f3n<\/th><th class=\"has-text-align-center\" data-align=\"center\">Fecha de Finalizaci\u00f3n<\/th><th class=\"has-text-align-center\" data-align=\"center\">C\u00f3digo de Proceso<\/th><th class=\"has-text-align-center\" data-align=\"center\">Convocatoria<\/th><\/tr><\/thead><tbody><tr><td class=\"has-text-align-center\" data-align=\"center\">2<\/td><td class=\"has-text-align-left\" data-align=\"left\">ASISTENTE ADM<br>7\/ASISTENTE DE<br>BODEGA E<br>INVENTARIOS<\/td><td class=\"has-text-align-center\" data-align=\"center\">22-07-2024<\/td><td class=\"has-text-align-center\" data-align=\"center\">23-07-2024<\/td><td class=\"has-text-align-center\" data-align=\"center\">CSR-SAD-07-03<\/td><td class=\"has-text-align-center\" data-align=\"center\"><a href=\"https:\/\/www.celec.gob.ec\/celecsur\/wp-content\/uploads\/2024\/07\/11.-CONVOCATORIA-SELECCION-ASIS-BOD.pdf\" data-type=\"link\" data-id=\"https:\/\/www.celec.gob.ec\/celecsur\/wp-content\/uploads\/2024\/07\/11.-CONVOCATORIA-SELECCION-ASIS-BOD.pdf\" target=\"_blank\" rel=\"noreferrer noopener\">Ver<\/a><\/td><\/tr><tr><td class=\"has-text-align-center\" data-align=\"center\">2<\/td><td class=\"has-text-align-left\" data-align=\"left\">ASISTENTE ADM<br>5\/ASISTENTE<br>ADMINISTRATIVA<\/td><td class=\"has-text-align-center\" data-align=\"center\">17-07-2024<\/td><td class=\"has-text-align-center\" data-align=\"center\">19-07-2024<\/td><td class=\"has-text-align-center\" data-align=\"center\">CSR-SPR-07-01<\/td><td class=\"has-text-align-center\" data-align=\"center\"><a href=\"https:\/\/www.celec.gob.ec\/celecsur\/wp-content\/uploads\/2024\/07\/11.-CONVOCATORIA-SELECCION-ASIS-ADM-1.pdf\" data-type=\"link\" data-id=\"https:\/\/www.celec.gob.ec\/celecsur\/wp-content\/uploads\/2024\/07\/11.-CONVOCATORIA-SELECCION-ASIS-ADM-1.pdf\" target=\"_blank\" rel=\"noreferrer noopener\">Ver<\/a><\/td><\/tr><tr><td class=\"has-text-align-center\" data-align=\"center\">1<\/td><td class=\"has-text-align-left\" data-align=\"left\">ASISTENTE ADM<br>7\/ASISTENTE DE<br>CONTABILIDAD<\/td><td class=\"has-text-align-center\" data-align=\"center\">17-07-2024<\/td><td class=\"has-text-align-center\" data-align=\"center\">19-07-2024<\/td><td class=\"has-text-align-center\" data-align=\"center\">CSR-SGF-07-02<\/td><td class=\"has-text-align-center\" data-align=\"center\"><a href=\"https:\/\/www.celec.gob.ec\/celecsur\/wp-content\/uploads\/2024\/07\/11.-CONVOCATORIA-SELECCION-ASIS-CON-1.pdf\" data-type=\"link\" data-id=\"https:\/\/www.celec.gob.ec\/celecsur\/wp-content\/uploads\/2024\/07\/11.-CONVOCATORIA-SELECCION-ASIS-CON-1.pdf\" target=\"_blank\" rel=\"noreferrer noopener\">Ver<\/a><\/td><\/tr><tr><td class=\"has-text-align-center\" data-align=\"center\"><\/td><td class=\"has-text-align-left\" data-align=\"left\"><\/td><td class=\"has-text-align-center\" data-align=\"center\"><\/td><td class=\"has-text-align-center\" data-align=\"center\"><\/td><td class=\"has-text-align-center\" data-align=\"center\"><\/td><td class=\"has-text-align-center\" data-align=\"center\"><\/td><\/tr><\/tbody><\/table><figcaption class=\"wp-element-caption\"><em>* Recuerde que su postulaci\u00f3n es v\u00e1lida si la realiz\u00f3 dentro de las fechas indicadas en cada proceso.<\/em><\/figcaption><\/figure>\n<\/div><\/details>\n\n\n\n<details class=\"wp-block-themeisle-blocks-accordion-item\"><summary class=\"wp-block-themeisle-blocks-accordion-item__title\"><div>Agosto<\/div><\/summary><div class=\"wp-block-themeisle-blocks-accordion-item__content\">\n<figure class=\"wp-block-table aligncenter is-style-stripes has-small-font-size\"><table class=\"has-fixed-layout\"><thead><tr><th class=\"has-text-align-center\" data-align=\"center\">Nro. Vacantes<\/th><th class=\"has-text-align-left\" data-align=\"left\">Cargo<\/th><th class=\"has-text-align-center\" data-align=\"center\">Fecha de Publicaci\u00f3n<\/th><th class=\"has-text-align-center\" data-align=\"center\">Fecha de Finalizaci\u00f3n<\/th><th class=\"has-text-align-center\" data-align=\"center\">C\u00f3digo de Proceso<\/th><th class=\"has-text-align-center\" data-align=\"center\">Convocatoria<\/th><\/tr><\/thead><tbody><tr><td class=\"has-text-align-center\" data-align=\"center\">1<\/td><td class=\"has-text-align-left\" data-align=\"left\">ASISTENTE ADM<br>7\/ASISTENTE DE<br>CONTABILIDAD<\/td><td class=\"has-text-align-center\" data-align=\"center\">22-08-2024<\/td><td class=\"has-text-align-center\" data-align=\"center\">25-08-2024<\/td><td class=\"has-text-align-center\" data-align=\"center\">CSR-SGF-09-02<\/td><td class=\"has-text-align-center\" data-align=\"center\"><a href=\"https:\/\/www.celec.gob.ec\/celecsur\/wp-content\/uploads\/2024\/08\/11.-CONVOCATORIA-SELECCION-ASIS-CON.pdf\" data-type=\"link\" data-id=\"https:\/\/www.celec.gob.ec\/celecsur\/wp-content\/uploads\/2024\/08\/11.-CONVOCATORIA-SELECCION-ASIS-CON.pdf\" target=\"_blank\" rel=\"noreferrer noopener\">Ver<\/a><\/td><\/tr><tr><td class=\"has-text-align-center\" data-align=\"center\">1<\/td><td class=\"has-text-align-left\" data-align=\"left\">ESPECIALISTA ADM<br>1\/ENFERMERO<\/td><td class=\"has-text-align-center\" data-align=\"center\">20-08-2024<\/td><td class=\"has-text-align-center\" data-align=\"center\">21-08-2024<\/td><td class=\"has-text-align-center\" data-align=\"center\">CSR-JSL-08-02<\/td><td class=\"has-text-align-center\" data-align=\"center\"><a href=\"https:\/\/www.celec.gob.ec\/celecsur\/wp-content\/uploads\/2024\/08\/11.-CONVOCATORIA-ENFERMERO.pdf\" data-type=\"link\" data-id=\"https:\/\/www.celec.gob.ec\/celecsur\/wp-content\/uploads\/2024\/08\/11.-CONVOCATORIA-ENFERMERO.pdf\" target=\"_blank\" rel=\"noreferrer noopener\">Ver<\/a><\/td><\/tr><tr><td class=\"has-text-align-center\" data-align=\"center\">1<\/td><td class=\"has-text-align-left\" data-align=\"left\">ASISTENTE ADM<br>7\/ASISTENTE DE TIC<br>(SOLUCIONES<br>ADMINISTRATIVAS)<\/td><td class=\"has-text-align-center\" data-align=\"center\">12-08-2024<\/td><td class=\"has-text-align-center\" data-align=\"center\">14-08-2024<\/td><td class=\"has-text-align-center\" data-align=\"center\">CSR-SGGO-08-01<\/td><td class=\"has-text-align-center\" data-align=\"center\"><a href=\"https:\/\/www.celec.gob.ec\/celecsur\/wp-content\/uploads\/2024\/08\/11.-CONVOCATORIA-ASIS-TIC-003.pdf\" data-type=\"link\" data-id=\"https:\/\/www.celec.gob.ec\/celecsur\/wp-content\/uploads\/2024\/08\/11.-CONVOCATORIA-ASIS-TIC-003.pdf\" target=\"_blank\" rel=\"noreferrer noopener\">Ver<\/a><\/td><\/tr><tr><td class=\"has-text-align-center\" data-align=\"center\"><\/td><td class=\"has-text-align-left\" data-align=\"left\"><\/td><td class=\"has-text-align-center\" data-align=\"center\"><\/td><td class=\"has-text-align-center\" data-align=\"center\"><\/td><td class=\"has-text-align-center\" data-align=\"center\"><\/td><td class=\"has-text-align-center\" data-align=\"center\"><\/td><\/tr><\/tbody><\/table><figcaption class=\"wp-element-caption\"><em>* Recuerde que su postulaci\u00f3n es v\u00e1lida si la realiz\u00f3 dentro de las fechas indicadas en cada proceso.<\/em><\/figcaption><\/figure>\n<\/div><\/details>\n\n\n\n<details class=\"wp-block-themeisle-blocks-accordion-item\"><summary class=\"wp-block-themeisle-blocks-accordion-item__title\"><div>Septiembre<\/div><\/summary><div class=\"wp-block-themeisle-blocks-accordion-item__content\">\n<figure class=\"wp-block-table aligncenter is-style-stripes has-small-font-size\"><table class=\"has-fixed-layout\"><thead><tr><th class=\"has-text-align-center\" data-align=\"center\">Nro. Vacantes<\/th><th class=\"has-text-align-left\" data-align=\"left\">Cargo<\/th><th class=\"has-text-align-center\" data-align=\"center\">Fecha de Publicaci\u00f3n<\/th><th class=\"has-text-align-center\" data-align=\"center\">Fecha de Finalizaci\u00f3n<\/th><th class=\"has-text-align-center\" data-align=\"center\">C\u00f3digo de Proceso<\/th><th class=\"has-text-align-center\" data-align=\"center\">Convocatoria<\/th><\/tr><\/thead><tbody><tr><td class=\"has-text-align-center\" data-align=\"center\">2<\/td><td class=\"has-text-align-left\" data-align=\"left\">ASISTENTE ADM<br>7\/ASISTENTE DE<br>BODEGA E<br>INVENTARIOS<br><\/td><td class=\"has-text-align-center\" data-align=\"center\">11-09-2024<\/td><td class=\"has-text-align-center\" data-align=\"center\">15-09-2024<\/td><td class=\"has-text-align-center\" data-align=\"center\">CSR-SAD-07-04<\/td><td class=\"has-text-align-center\" data-align=\"center\"><a href=\"https:\/\/www.celec.gob.ec\/celecsur\/wp-content\/uploads\/2024\/09\/11.-CONVOCATORIA-SELECCION-ASIS-BOD-2.pdf\" data-type=\"link\" data-id=\"https:\/\/www.celec.gob.ec\/celecsur\/wp-content\/uploads\/2024\/08\/11.-CONVOCATORIA-SELECCION-ASIS-CON.pdf\" target=\"_blank\" rel=\"noreferrer noopener\">Ver<\/a><\/td><\/tr><tr><td class=\"has-text-align-center\" data-align=\"center\"><\/td><td class=\"has-text-align-left\" data-align=\"left\"><\/td><td class=\"has-text-align-center\" data-align=\"center\"><\/td><td class=\"has-text-align-center\" data-align=\"center\"><\/td><td class=\"has-text-align-center\" data-align=\"center\"><\/td><td class=\"has-text-align-center\" data-align=\"center\"><\/td><\/tr><\/tbody><\/table><figcaption class=\"wp-element-caption\"><em>* Recuerde que su postulaci\u00f3n es v\u00e1lida si la realiz\u00f3 dentro de las fechas indicadas en cada proceso.<\/em><\/figcaption><\/figure>\n<\/div><\/details>\n\n\n\n<details class=\"wp-block-themeisle-blocks-accordion-item\"><summary class=\"wp-block-themeisle-blocks-accordion-item__title\"><div>Octubre<\/div><\/summary><div class=\"wp-block-themeisle-blocks-accordion-item__content\">\n<figure class=\"wp-block-table aligncenter is-style-stripes has-small-font-size\"><table class=\"has-fixed-layout\"><thead><tr><th class=\"has-text-align-center\" data-align=\"center\">Nro. Vacantes<\/th><th class=\"has-text-align-left\" data-align=\"left\">Cargo<\/th><th class=\"has-text-align-center\" data-align=\"center\">Fecha de Publicaci\u00f3n<\/th><th class=\"has-text-align-center\" data-align=\"center\">Fecha de Finalizaci\u00f3n<\/th><th class=\"has-text-align-center\" data-align=\"center\">C\u00f3digo de Proceso<\/th><th class=\"has-text-align-center\" data-align=\"center\">Convocatoria<\/th><\/tr><\/thead><tbody><tr><td class=\"has-text-align-center\" data-align=\"center\">2<\/td><td class=\"has-text-align-left\" data-align=\"left\">ESPECIALISTA TEC 4\/ESPECIALISTA DE<br>GESTI\u00d3N AMBIENTAL<\/td><td class=\"has-text-align-center\" data-align=\"center\">15-10-2024<\/td><td class=\"has-text-align-center\" data-align=\"center\">16-10-2024<\/td><td class=\"has-text-align-center\" data-align=\"center\">CSR-GSA-10-04<\/td><td class=\"has-text-align-center\" data-align=\"center\"><a href=\"https:\/\/www.celec.gob.ec\/celecsur\/wp-content\/uploads\/2024\/10\/11.-CONVOCATORIA-SELECCION-ESP-GES-AMB41992.pdf\" data-type=\"link\" data-id=\"https:\/\/www.celec.gob.ec\/celecsur\/wp-content\/uploads\/2024\/10\/11.-CONVOCATORIA-SELECCION-ESP-GES-AMB41992.pdf\" target=\"_blank\" rel=\"noreferrer noopener\">Ver<\/a><\/td><\/tr><tr><td class=\"has-text-align-center\" data-align=\"center\">1<\/td><td class=\"has-text-align-left\" data-align=\"left\">ESPECIALISTA TEC 3\/SUPERVISOR<br>DE OPERACI\u00d3N<br><\/td><td class=\"has-text-align-center\" data-align=\"center\">14-10-2024<\/td><td class=\"has-text-align-center\" data-align=\"center\">17-10-2024<\/td><td class=\"has-text-align-center\" data-align=\"center\">CSR-SPR-10-03<\/td><td class=\"has-text-align-center\" data-align=\"center\"><a href=\"https:\/\/www.celec.gob.ec\/celecsur\/wp-content\/uploads\/2024\/10\/11.-CONVOCATORIA-SELECCION-SUP-OPER.pdf\" data-type=\"link\" data-id=\"https:\/\/www.celec.gob.ec\/celecsur\/wp-content\/uploads\/2024\/08\/11.-CONVOCATORIA-SELECCION-ASIS-CON.pdf\" target=\"_blank\" rel=\"noreferrer noopener\">Ver<\/a><\/td><\/tr><tr><td class=\"has-text-align-center\" data-align=\"center\"><\/td><td class=\"has-text-align-left\" data-align=\"left\"><\/td><td class=\"has-text-align-center\" data-align=\"center\"><\/td><td class=\"has-text-align-center\" data-align=\"center\"><\/td><td class=\"has-text-align-center\" data-align=\"center\"><\/td><td class=\"has-text-align-center\" data-align=\"center\"><\/td><\/tr><\/tbody><\/table><figcaption class=\"wp-element-caption\"><em>* Recuerde que su postulaci\u00f3n es v\u00e1lida si la realiz\u00f3 dentro de las fechas indicadas en cada proceso.<\/em><\/figcaption><\/figure>\n<\/div><\/details>\n\n\n\n<details class=\"wp-block-themeisle-blocks-accordion-item\"><summary class=\"wp-block-themeisle-blocks-accordion-item__title\"><div>Noviembre<\/div><\/summary><div class=\"wp-block-themeisle-blocks-accordion-item__content\">\n<figure class=\"wp-block-table aligncenter is-style-stripes has-small-font-size\"><table class=\"has-fixed-layout\"><thead><tr><th class=\"has-text-align-center\" data-align=\"center\">Nro. Vacantes<\/th><th class=\"has-text-align-left\" data-align=\"left\">Cargo<\/th><th class=\"has-text-align-center\" data-align=\"center\">Fecha de Publicaci\u00f3n<\/th><th class=\"has-text-align-center\" data-align=\"center\">Fecha de Finalizaci\u00f3n<\/th><th class=\"has-text-align-center\" data-align=\"center\">C\u00f3digo de Proceso<\/th><th class=\"has-text-align-center\" data-align=\"center\">Convocatoria<\/th><\/tr><\/thead><tbody><tr><td class=\"has-text-align-center\" data-align=\"center\">1<\/td><td class=\"has-text-align-left\" data-align=\"left\">ESPECIALISTA ADM 3\/ESPECIALISTA<br>JUR\u00cdDICO<\/td><td class=\"has-text-align-center\" data-align=\"center\">15-11-2024<\/td><td class=\"has-text-align-center\" data-align=\"center\">18-11-2024<\/td><td class=\"has-text-align-center\" data-align=\"center\">CSR-SJR-11-06<\/td><td class=\"has-text-align-center\" data-align=\"center\"><a href=\"https:\/\/www.celec.gob.ec\/celecsur\/wp-content\/uploads\/2024\/11\/12.-CONVOCATORIA-SELECCION-ESP-JURIDICO.pdf\" target=\"_blank\" rel=\"noreferrer noopener\">Ver<\/a><\/td><\/tr><tr><td class=\"has-text-align-center\" data-align=\"center\">1<\/td><td class=\"has-text-align-left\" data-align=\"left\">ESPECIALISTA TEC 4\/ESPECIALISTA DE<br>INGENIER\u00cdA<br>DE PRODUCCI\u00d3N DRAGADO E<br>HIDROLOG\u00cdA<\/td><td class=\"has-text-align-center\" data-align=\"center\">05-11-2024<\/td><td class=\"has-text-align-center\" data-align=\"center\">08-11-2024<\/td><td class=\"has-text-align-center\" data-align=\"center\">CSR-SPR-10-05<\/td><td class=\"has-text-align-center\" data-align=\"center\"><a href=\"https:\/\/www.celec.gob.ec\/celecsur\/wp-content\/uploads\/2024\/11\/12.-CONVOCATORIA-SELECCION-ESP-HIDRO42659.pdf\" data-type=\"link\" data-id=\"https:\/\/www.celec.gob.ec\/celecsur\/wp-content\/uploads\/2024\/08\/11.-CONVOCATORIA-SELECCION-ASIS-CON.pdf\" target=\"_blank\" rel=\"noreferrer noopener\">Ver<\/a><\/td><\/tr><tr><td class=\"has-text-align-center\" data-align=\"center\"><\/td><td class=\"has-text-align-left\" data-align=\"left\"><\/td><td class=\"has-text-align-center\" data-align=\"center\"><\/td><td class=\"has-text-align-center\" data-align=\"center\"><\/td><td class=\"has-text-align-center\" data-align=\"center\"><\/td><td class=\"has-text-align-center\" data-align=\"center\"><\/td><\/tr><\/tbody><\/table><figcaption class=\"wp-element-caption\"><em>* Recuerde que su postulaci\u00f3n es v\u00e1lida si la realiz\u00f3 dentro de las fechas indicadas en cada proceso.<\/em><\/figcaption><\/figure>\n<\/div><\/details>\n\n\n\n<details class=\"wp-block-themeisle-blocks-accordion-item\"><summary class=\"wp-block-themeisle-blocks-accordion-item__title\"><div>Diciembre<\/div><\/summary><div class=\"wp-block-themeisle-blocks-accordion-item__content\">\n<p><\/p>\n<\/div><\/details>\n<\/div>\n<\/div><\/div>\n<\/div><\/div>\n\n\n\n<p><\/p>\n","protected":false},"excerpt":{"rendered":"","protected":false},"author":9,"featured_media":0,"parent":0,"menu_order":0,"comment_status":"closed","ping_status":"closed","template":"","meta":{"_acf_changed":false,"_themeisle_gutenberg_block_has_review":false,"footnotes":"[]"},"class_list":["post-1898","page","type-page","status-publish","hentry"],"acf":[],"_links":{"self":[{"href":"https:\/\/www.celec.gob.ec\/celecsur\/wp-json\/wp\/v2\/pages\/1898","targetHints":{"allow":["GET"]}}],"collection":[{"href":"https:\/\/www.celec.gob.ec\/celecsur\/wp-json\/wp\/v2\/pages"}],"about":[{"href":"https:\/\/www.celec.gob.ec\/celecsur\/wp-json\/wp\/v2\/types\/page"}],"author":[{"embeddable":true,"href":"https:\/\/www.celec.gob.ec\/celecsur\/wp-json\/wp\/v2\/users\/9"}],"replies":[{"embeddable":true,"href":"https:\/\/www.celec.gob.ec\/celecsur\/wp-json\/wp\/v2\/comments?post=1898"}],"version-history":[{"count":136,"href":"https:\/\/www.celec.gob.ec\/celecsur\/wp-json\/wp\/v2\/pages\/1898\/revisions"}],"predecessor-version":[{"id":3047,"href":"https:\/\/www.celec.gob.ec\/celecsur\/wp-json\/wp\/v2\/pages\/1898\/revisions\/3047"}],"wp:attachment":[{"href":"https:\/\/www.celec.gob.ec\/celecsur\/wp-json\/wp\/v2\/media?parent=1898"}],"curies":[{"name":"wp","href":"https:\/\/api.w.org\/{rel}","templated":true}]}}