{"id":93,"date":"2023-02-18T09:21:27","date_gmt":"2023-02-18T09:21:27","guid":{"rendered":"https:\/\/www.celec.gob.ec\/termogasmachala\/?page_id=93"},"modified":"2025-09-09T19:50:49","modified_gmt":"2025-09-09T19:50:49","slug":"directorio-telefonico","status":"publish","type":"page","link":"https:\/\/www.celec.gob.ec\/termogasmachala\/directorio-telefonico\/","title":{"rendered":"Directorio Telef\u00f3nico"},"content":{"rendered":"\n<h2 class=\"wp-block-heading\"><strong>DIRECTORIO TELEF\u00d3NICO TERMOGAS MACHALA<\/strong><\/h2>\n\n\n\n<div class=\"wp-block-columns is-layout-flex wp-container-core-columns-is-layout-9d6595d7 wp-block-columns-is-layout-flex\">\n<div class=\"wp-block-column is-layout-flow wp-block-column-is-layout-flow\" style=\"flex-basis:100%\">\n<div class=\"wp-block-columns is-layout-flex wp-container-core-columns-is-layout-9d6595d7 wp-block-columns-is-layout-flex\">\n<div class=\"wp-block-column is-layout-flow wp-block-column-is-layout-flow\">\n<div id=\"wp-block-themeisle-blocks-accordion-0d85d656\" class=\"wp-block-themeisle-blocks-accordion exclusive\">\n<details class=\"wp-block-themeisle-blocks-accordion-item\"><summary class=\"wp-block-themeisle-blocks-accordion-item__title\"><div><em>GARITA PLANTA DE GENERACION<\/em><\/div><\/summary><div class=\"wp-block-themeisle-blocks-accordion-item__content\">\n<p>GARITA 1 &#8211; <strong>EXTENSION 77441<\/strong><\/p>\n<\/div><\/details>\n<\/div>\n<\/div>\n\n\n\n<div class=\"wp-block-column is-layout-flow wp-block-column-is-layout-flow\">\n<div id=\"wp-block-themeisle-blocks-accordion-690150c8\" class=\"wp-block-themeisle-blocks-accordion exclusive\">\n<details class=\"wp-block-themeisle-blocks-accordion-item\"><summary class=\"wp-block-themeisle-blocks-accordion-item__title\"><div><em>GARITA ADMINISTRACION<\/em><\/div><\/summary><div class=\"wp-block-themeisle-blocks-accordion-item__content\">\n<p>GARITA 2 &#8211; <strong>EXTENSION 77442<\/strong><\/p>\n<\/div><\/details>\n<\/div>\n<\/div>\n<\/div>\n<\/div>\n<\/div>\n\n\n\n<div id=\"wp-block-themeisle-blocks-accordion-bce9feb0\" class=\"wp-block-themeisle-blocks-accordion exclusive\">\n<details class=\"wp-block-themeisle-blocks-accordion-item\"><summary class=\"wp-block-themeisle-blocks-accordion-item__title\"><div><strong>GERENCIA TERMOGAS MACHALA<\/strong><\/div><\/summary><div class=\"wp-block-themeisle-blocks-accordion-item__content\">\n<div class=\"wp-block-columns is-layout-flex wp-container-core-columns-is-layout-9d6595d7 wp-block-columns-is-layout-flex\">\n<div class=\"wp-block-column is-layout-flow wp-block-column-is-layout-flow\" style=\"flex-basis:100%\">\n<figure class=\"wp-block-table is-style-stripes\"><table><tbody><tr><td><strong>NOMBRES<\/strong><\/td><td><strong>CARGO<\/strong><\/td><td><strong>EXTENSION<\/strong><\/td><td><strong>UBICACION<\/strong><\/td><\/tr><tr><td>Cristhian Andres Teran Correa<\/td><td>Gerente Termogas<\/td><td>77429<\/td><td>Bajo Alto<\/td><\/tr><tr><td>Jenny Natividad Valdiviezo Apolinario<\/td><td>Especialista de Gerencia<\/td><td>77404<\/td><td>Bajo Alto<\/td><\/tr><tr><td>Cindy Andrea Ram\u00f3n Romero<\/td><td>Especialista de Comunicaci\u00f3n <\/td><td>77426<\/td><td>Bajo Alto<\/td><\/tr><\/tbody><\/table><\/figure>\n<\/div>\n<\/div>\n<\/div><\/details>\n\n\n\n<details class=\"wp-block-themeisle-blocks-accordion-item\"><summary class=\"wp-block-themeisle-blocks-accordion-item__title\"><div><strong>SUBGERENCIA ADMINISTRATIVA FINANCIERA<\/strong><\/div><\/summary><div class=\"wp-block-themeisle-blocks-accordion-item__content\">\n<figure class=\"wp-block-table is-style-stripes\"><table><tbody><tr><td><strong>NOMBRES<\/strong><\/td><td><strong>CARGO<\/strong><\/td><td><strong>EXTENSION<\/strong><\/td><td><strong>UBICACION<\/strong><\/td><\/tr><tr><td>Dolores Priscila Serrano Garay<\/td><td>Subgerente Administrativo Financiero<\/td><td>77447<\/td><td>Bajo Alto<\/td><\/tr><tr><td>Norma Elizabeth Morales Uyaguary<\/td><td>Asistente Administrativo<\/td><td>77402<\/td><td>Bajo Alto<\/td><\/tr><tr><td>Oscar Wilson Marcel Yance<\/td><td>Jefe Administrativo <\/td><td>77403<\/td><td>Bajo Alto<\/td><\/tr><\/tbody><\/table><\/figure>\n<\/div><\/details>\n\n\n\n<details class=\"wp-block-themeisle-blocks-accordion-item\"><summary class=\"wp-block-themeisle-blocks-accordion-item__title\"><div><strong>SUBGERENCIA JUR\u00cdDICA<\/strong><\/div><\/summary><div class=\"wp-block-themeisle-blocks-accordion-item__content\">\n<figure class=\"wp-block-table is-style-stripes\"><table><tbody><tr><td><strong>NOMBRES<\/strong><\/td><td><strong>CARGO<\/strong><\/td><td><strong>EXTENSION<\/strong><\/td><td><strong>UBICACION<\/strong><\/td><\/tr><tr><td>Alfredo Enrique Solorzano Cueva<\/td><td>Subgerente Jur\u00eddica<\/td><td>77412<\/td><td>Bajo Alto<\/td><\/tr><\/tbody><\/table><\/figure>\n<\/div><\/details>\n\n\n\n<details class=\"wp-block-themeisle-blocks-accordion-item\"><summary class=\"wp-block-themeisle-blocks-accordion-item__title\"><div><strong>SUBGERENCIA DE PROYECTOS<\/strong><\/div><\/summary><div class=\"wp-block-themeisle-blocks-accordion-item__content\">\n<figure class=\"wp-block-table is-style-stripes\"><table><tbody><tr><td><strong>NOMBRES<\/strong><\/td><td><strong>CARGO<\/strong><\/td><td><strong>EXTENSION<\/strong><\/td><td><strong>UBICACION<\/strong><\/td><\/tr><tr><td>Alfredo Leonardo Henriquez Garino<\/td><td>Subgerente de Proyectos&nbsp;<\/td><td>77427<\/td><td>Bajo Alto<\/td><\/tr><tr><td>Jessica Alexandra Jara Mora<\/td><td>Asistente de Administrativa<\/td><td>77430<\/td><td>Bajo Alto<\/td><\/tr><\/tbody><\/table><\/figure>\n<\/div><\/details>\n\n\n\n<details class=\"wp-block-themeisle-blocks-accordion-item\"><summary class=\"wp-block-themeisle-blocks-accordion-item__title\"><div>SUBGERENCIA PRODUCCI\u00d3N<\/div><\/summary><div class=\"wp-block-themeisle-blocks-accordion-item__content\">\n<figure class=\"wp-block-table is-style-stripes\"><table><tbody><tr><td><strong>NOMBRES<\/strong><\/td><td><strong>CARGO<\/strong><\/td><td><strong>EXTENSION<\/strong><\/td><td><strong>UBICACION<\/strong><\/td><\/tr><tr><td>Carlos Alexis Cardenas Davila<\/td><td>Subgerente de Producci\u00f3n<\/td><td>77416<\/td><td>Bajo Alto<\/td><\/tr><tr><td>Ana Estephanie Mejia Guaman<\/td><td>Asistente administrativo<\/td><td>77431<\/td><td>Bajo Alto<\/td><\/tr><\/tbody><\/table><\/figure>\n<\/div><\/details>\n\n\n\n<details class=\"wp-block-themeisle-blocks-accordion-item\"><summary class=\"wp-block-themeisle-blocks-accordion-item__title\"><div><strong>TECNOLOG\u00cdA DE LA INFORMACI\u00d3N Y COMUNICACI\u00d3N<\/strong><\/div><\/summary><div class=\"wp-block-themeisle-blocks-accordion-item__content\">\n<figure class=\"wp-block-table is-style-stripes\"><table><tbody><tr><td><strong>NOMBRES<\/strong><\/td><td><strong>CARGO<\/strong><\/td><td><strong>EXTENSION<\/strong><\/td><td><strong>UBICACION<\/strong><\/td><\/tr><tr><td>Teylor Argenis Arias Sanchez<\/td><td>Asistente de Tecnolog\u00eda<\/td><td>77444<\/td><td>Bajo Alto<\/td><\/tr><\/tbody><\/table><\/figure>\n<\/div><\/details>\n\n\n\n<details class=\"wp-block-themeisle-blocks-accordion-item\"><summary class=\"wp-block-themeisle-blocks-accordion-item__title\"><div><strong>SERVICIOS GENERALES<\/strong><\/div><\/summary><div class=\"wp-block-themeisle-blocks-accordion-item__content\">\n<figure class=\"wp-block-table is-style-stripes\"><table><tbody><tr><td><strong>NOMBRES<\/strong><\/td><td><strong>CARGO<\/strong><\/td><td><strong>EXTENSION<\/strong><\/td><td><strong>UBICACION<\/strong><\/td><\/tr><tr><td>Andrea Cristina Trivi\u00f1o Calderon<\/td><td>Especialista de Servicios Generales\u00a0<\/td><td>77401<\/td><td>Bajo Alto<\/td><\/tr><tr><td>Luisana Paulette Ramon Romero<\/td><td>Asistente de Servicios Generales<\/td><td>77400<\/td><td>Bajo Alto<\/td><\/tr><\/tbody><\/table><\/figure>\n<\/div><\/details>\n\n\n\n<details class=\"wp-block-themeisle-blocks-accordion-item\"><summary class=\"wp-block-themeisle-blocks-accordion-item__title\"><div><strong>GESTION AMBIENTAL Y SOCIAL<\/strong><\/div><\/summary><div class=\"wp-block-themeisle-blocks-accordion-item__content\">\n<figure class=\"wp-block-table is-style-stripes\"><table><tbody><tr><td><strong>NOMBRES<\/strong><\/td><td><strong>CARGO<\/strong><\/td><td><strong>EXTENSION<\/strong><\/td><td><strong>UBICACION<\/strong><\/td><\/tr><tr><td>Ronald Oswaldo Balcazar Puertas<\/td><td>Especialista Gesti\u00f3n Social y Ambiental<\/td><td>77428<\/td><td>Bajo Alto<\/td><\/tr><tr><td>Milton Fernando Aguilar Camacho<\/td><td>Asistente Gesti\u00f3n Social Ambiental<\/td><td>77425<\/td><td>Bajo Alto<\/td><\/tr><\/tbody><\/table><\/figure>\n<\/div><\/details>\n\n\n\n<details class=\"wp-block-themeisle-blocks-accordion-item\"><summary class=\"wp-block-themeisle-blocks-accordion-item__title\"><div><strong>SEGURIDAD LABORAL <\/strong><\/div><\/summary><div class=\"wp-block-themeisle-blocks-accordion-item__content\">\n<figure class=\"wp-block-table is-style-stripes\"><table><tbody><tr><td><strong>NOMBRES<\/strong><\/td><td><strong>CARGO<\/strong><\/td><td><strong>EXTENSION<\/strong><\/td><td><strong>UBICACION<\/strong><\/td><\/tr><tr><td>Carlos Eduardo Navarrete Olmedo<\/td><td>Jefe de Seguridad y Salud Laboral<\/td><td>77410<\/td><td>Bajo Alto<\/td><\/tr><\/tbody><\/table><\/figure>\n<\/div><\/details>\n\n\n\n<details class=\"wp-block-themeisle-blocks-accordion-item\"><summary class=\"wp-block-themeisle-blocks-accordion-item__title\"><div>MANTENIMIENTO<\/div><\/summary><div class=\"wp-block-themeisle-blocks-accordion-item__content\">\n<figure class=\"wp-block-table is-style-stripes\"><table><tbody><tr><td><strong>NOMBRES<\/strong><\/td><td><strong>CARGO<\/strong><\/td><td><strong>EXTENSION<\/strong><\/td><td><strong>UBICACION<\/strong><\/td><\/tr><tr><td>Ginger Maribel Giler Cede\u00f1o<\/td><td>Jefe de Mantenimiento<\/td><td>77411<\/td><td>Bajo Alto<\/td><\/tr><tr><td>Danny Hitler Godoy Arias<\/td><td>Supervisor Mec\u00e1nico<\/td><td>77432<\/td><td>Bajo Alto<\/td><\/tr><tr><td>Carlos Cesar Capa Carrillo<\/td><td>Supervisor El\u00e9ctrico<\/td><td>77433<\/td><td>Bajo Alto<\/td><\/tr><tr><td>Alberto Fabricio Valarezo Valarezo<\/td><td>Supervisor de Instrumentaci\u00f3n<\/td><td>77437<\/td><td>Bajo Alto<\/td><\/tr><tr><td>Karla Vanessa Mosquera Bravo<\/td><td>Especialista de Producci\u00f3n<\/td><td>77438<\/td><td>Bajo Alto<\/td><\/tr><\/tbody><\/table><\/figure>\n<\/div><\/details>\n\n\n\n<details class=\"wp-block-themeisle-blocks-accordion-item\"><summary class=\"wp-block-themeisle-blocks-accordion-item__title\"><div><strong>OPERACIONES TERMOGAS MACHALA<\/strong><\/div><\/summary><div class=\"wp-block-themeisle-blocks-accordion-item__content\">\n<figure class=\"wp-block-table is-style-stripes\"><table><tbody><tr><td><strong>NOMBRES<\/strong><\/td><td><strong>CARGO<\/strong><\/td><td><strong>EXTENSION<\/strong><\/td><td><strong>UBICACION<\/strong><\/td><\/tr><tr><td>Sala de Operaciones 6FA<\/td><td>Supervisor de Operaci\u00f3n<\/td><td>77435<\/td><td>Bajo Alto<\/td><\/tr><tr><td>Sala de Operaciones TM2500<\/td><td>Supervisor de Operaci\u00f3n<\/td><td>77440<\/td><td>Bajo Alto<\/td><\/tr><\/tbody><\/table><\/figure>\n<\/div><\/details>\n\n\n\n<details class=\"wp-block-themeisle-blocks-accordion-item\"><summary class=\"wp-block-themeisle-blocks-accordion-item__title\"><div><strong>TESORERIA<\/strong><\/div><\/summary><div class=\"wp-block-themeisle-blocks-accordion-item__content\">\n<figure class=\"wp-block-table is-style-stripes\"><table><tbody><tr><td><strong>NOMBRES<\/strong><\/td><td><strong>CARGO<\/strong><\/td><td><strong>EXTENSION<\/strong><\/td><td><strong>UBICACION<\/strong><\/td><\/tr><tr><td>Mayra Betzabeth Tapia Solorzano<\/td><td>Especialista de Tesorer\u00eda<\/td><td>77434<\/td><td>Bajo Alto<\/td><\/tr><tr><td>Viviana Marisela Apolo Apolo<\/td><td>Especialista de Presupuesto<\/td><td>77424<\/td><td>Bajo Alto<\/td><\/tr><tr><td>Enma Elvira Gomez Alarcon<\/td><td>Especialista de Contabilidad<\/td><td>77421<\/td><td>Bajo Alto<\/td><\/tr><tr><td>Lourdes Katherine Torres A\u00f1azco<\/td><td>Especialista de Contabilidad<\/td><td>77420<\/td><td>Bajo Alto<\/td><\/tr><tr><td>Daysy Del Pilar Casta\u00f1eda Ordo\u00f1ez<\/td><td>Asistente Financiero<\/td><td>77422<\/td><td>Bajo Alto<\/td><\/tr><tr><td>Nadia Yadira Aulestia Lopez<\/td><td>Asistente de Tesorer\u00eda<\/td><td>77423<\/td><td>Bajo Alto<\/td><\/tr><tr><td>Doris Vanessa Espinoza Riofrio<\/td><td>Asistente de Contabilidad<\/td><td>77419<\/td><td>Bajo Alto<\/td><\/tr><\/tbody><\/table><\/figure>\n<\/div><\/details>\n\n\n\n<details class=\"wp-block-themeisle-blocks-accordion-item\"><summary class=\"wp-block-themeisle-blocks-accordion-item__title\"><div><strong>CONTROL QU\u00cdMICO<\/strong><\/div><\/summary><div class=\"wp-block-themeisle-blocks-accordion-item__content\">\n<figure class=\"wp-block-table is-style-stripes\"><table><tbody><tr><td><strong>NOMBRES<\/strong><\/td><td><strong>CARGO<\/strong><\/td><td><strong>EXTENSION<\/strong><\/td><td><strong>UBICACION<\/strong><\/td><\/tr><tr><td>Daniel Alfredo Valencia Tenorio<\/td><td>Especialista Qu\u00edmico<\/td><td>77448<\/td><td>Bajo Alto<\/td><\/tr><\/tbody><\/table><\/figure>\n<\/div><\/details>\n\n\n\n<details class=\"wp-block-themeisle-blocks-accordion-item\"><summary class=\"wp-block-themeisle-blocks-accordion-item__title\"><div><strong>ARCHIVOS<\/strong><\/div><\/summary><div class=\"wp-block-themeisle-blocks-accordion-item__content\">\n<figure class=\"wp-block-table is-style-stripes\"><table><tbody><tr><td><strong>NOMBRES<\/strong><\/td><td><strong>CARGO<\/strong><\/td><td><strong>EXTENSION<\/strong><\/td><td><strong>UBICACION<\/strong><\/td><\/tr><tr><td>Silvana Yajaira Hurtado Jimenez<\/td><td>Especialista de Gesti\u00f2n Documental y Archivo<\/td><td>77445<\/td><td>Bajo Alto<\/td><\/tr><\/tbody><\/table><\/figure>\n<\/div><\/details>\n\n\n\n<details class=\"wp-block-themeisle-blocks-accordion-item\"><summary class=\"wp-block-themeisle-blocks-accordion-item__title\"><div><strong>SEGUROS &amp; RIESGOS<\/strong><\/div><\/summary><div class=\"wp-block-themeisle-blocks-accordion-item__content\">\n<figure class=\"wp-block-table is-style-stripes\"><table><tbody><tr><td><strong>NOMBRES<\/strong><\/td><td><strong>CARGO<\/strong><\/td><td><strong>EXTENSION<\/strong><\/td><td><strong>UBICACION<\/strong><\/td><\/tr><tr><td>Jorge Luis Zambrano Valencia<\/td><td>Especialista de Seguros y Riesgos<\/td><td>77446<\/td><td>Bajo Alto<\/td><\/tr><\/tbody><\/table><\/figure>\n<\/div><\/details>\n\n\n\n<details class=\"wp-block-themeisle-blocks-accordion-item\"><summary class=\"wp-block-themeisle-blocks-accordion-item__title\"><div>GESTI\u00d3N ORGANIZACIONAL<\/div><\/summary><div class=\"wp-block-themeisle-blocks-accordion-item__content\">\n<figure class=\"wp-block-table is-style-stripes\"><table><tbody><tr><td><strong>NOMBRES<\/strong><\/td><td><strong>CARGO<\/strong><\/td><td><strong>EXTENSION<\/strong><\/td><td><strong>UBICACION<\/strong><\/td><\/tr><tr><td>Adriana Hern\u00e1ndez<\/td><td>Asistente de Seguimiento<\/td><td><\/td><td>Bajo Alto<\/td><\/tr><\/tbody><\/table><\/figure>\n<\/div><\/details>\n\n\n\n<details class=\"wp-block-themeisle-blocks-accordion-item\"><summary class=\"wp-block-themeisle-blocks-accordion-item__title\"><div><strong>ADQUISICIONES<\/strong><\/div><\/summary><div class=\"wp-block-themeisle-blocks-accordion-item__content\">\n<figure class=\"wp-block-table is-style-stripes\"><table><tbody><tr><td><strong>NOMBRES<\/strong><\/td><td><strong>CARGO<\/strong><\/td><td><strong>EXTENSION<\/strong><\/td><td><strong>UBICACION<\/strong><\/td><\/tr><tr><td>Kleber Joel Chica Castillo<\/td><td>Especialista de Adquisiciones<\/td><td>77407<\/td><td>Bajo Alto<\/td><\/tr><tr><td>Wilson Ignacio Salinas Castro<\/td><td>Asistente de Adquisiciones<\/td><td>77406<\/td><td>Bajo Alto<\/td><\/tr><tr><td>Luz Francisca Rivera Encarnacion<\/td><td>Asistente de Adquisiciones<\/td><td>77405<\/td><td>Bajo Alto<\/td><\/tr><\/tbody><\/table><\/figure>\n<\/div><\/details>\n\n\n\n<details class=\"wp-block-themeisle-blocks-accordion-item\"><summary class=\"wp-block-themeisle-blocks-accordion-item__title\"><div><strong>ACTIVO FIJO &amp; BODEGA <\/strong><\/div><\/summary><div class=\"wp-block-themeisle-blocks-accordion-item__content\">\n<figure class=\"wp-block-table is-style-stripes\"><table><tbody><tr><td><strong>NOMBRES<\/strong><\/td><td><strong>CARGO<\/strong><\/td><td><strong>EXTENSION<\/strong><\/td><td><strong>UBICACION<\/strong><\/td><\/tr><tr><td>Gina Alexandra Ayala Campoverde<\/td><td>Especialista de Activos Fijos<\/td><td>77418<\/td><td>Bajo Alto<\/td><\/tr><tr><td>Jhon Carlos Salvatierra Tenezaca<\/td><td>Asistente de Bodega e Inventarios<\/td><td>77417<\/td><td>Bajo Alto<\/td><\/tr><\/tbody><\/table><\/figure>\n<\/div><\/details>\n\n\n\n<details class=\"wp-block-themeisle-blocks-accordion-item\"><summary class=\"wp-block-themeisle-blocks-accordion-item__title\"><div><strong>TALENTO HUMANO<\/strong><\/div><\/summary><div class=\"wp-block-themeisle-blocks-accordion-item__content\">\n<figure class=\"wp-block-table is-style-stripes\"><table><tbody><tr><td><strong>NOMBRES<\/strong><\/td><td><strong>CARGO<\/strong><\/td><td><strong>EXTENSION<\/strong><\/td><td><strong>UBICACION<\/strong><\/td><\/tr><tr><td>Yajaira Elizabeth Ordo\u00f1ez Ordo\u00f1ez<\/td><td>Asistente de Talento Humano<\/td><td>77408<\/td><td>Bajo Alto<\/td><\/tr><tr><td>Gina Marieliza Merchan Vasquez<\/td><td>Trabajadora Social<\/td><td>77414<\/td><td>Bajo Alto<\/td><\/tr><\/tbody><\/table><\/figure>\n<\/div><\/details>\n<\/div>\n\n\n\n<p><\/p>\n","protected":false},"excerpt":{"rendered":"<p>DIRECTORIO TELEF\u00d3NICO TERMOGAS MACHALA<\/p>\n","protected":false},"author":1,"featured_media":0,"parent":0,"menu_order":0,"comment_status":"closed","ping_status":"closed","template":"","meta":{"_acf_changed":false,"inline_featured_image":false,"_themeisle_gutenberg_block_has_review":false,"footnotes":""},"class_list":["post-93","page","type-page","status-publish","hentry"],"acf":[],"_links":{"self":[{"href":"https:\/\/www.celec.gob.ec\/termogasmachala\/wp-json\/wp\/v2\/pages\/93","targetHints":{"allow":["GET"]}}],"collection":[{"href":"https:\/\/www.celec.gob.ec\/termogasmachala\/wp-json\/wp\/v2\/pages"}],"about":[{"href":"https:\/\/www.celec.gob.ec\/termogasmachala\/wp-json\/wp\/v2\/types\/page"}],"author":[{"embeddable":true,"href":"https:\/\/www.celec.gob.ec\/termogasmachala\/wp-json\/wp\/v2\/users\/1"}],"replies":[{"embeddable":true,"href":"https:\/\/www.celec.gob.ec\/termogasmachala\/wp-json\/wp\/v2\/comments?post=93"}],"version-history":[{"count":45,"href":"https:\/\/www.celec.gob.ec\/termogasmachala\/wp-json\/wp\/v2\/pages\/93\/revisions"}],"predecessor-version":[{"id":1530,"href":"https:\/\/www.celec.gob.ec\/termogasmachala\/wp-json\/wp\/v2\/pages\/93\/revisions\/1530"}],"wp:attachment":[{"href":"https:\/\/www.celec.gob.ec\/termogasmachala\/wp-json\/wp\/v2\/media?parent=93"}],"curies":[{"name":"wp","href":"https:\/\/api.w.org\/{rel}","templated":true}]}}