{"id":42,"date":"2023-02-18T17:03:14","date_gmt":"2023-02-18T17:03:14","guid":{"rendered":"https:\/\/www.celec.gob.ec\/termopichincha\/?post_type=informacion-tecnica&#038;p=42"},"modified":"2023-02-18T17:03:16","modified_gmt":"2023-02-18T17:03:16","slug":"central-termoelectrica-jivino","status":"publish","type":"informacion-tecnica","link":"https:\/\/www.celec.gob.ec\/termopichincha\/informacion-tecnica\/central-termoelectrica-jivino\/","title":{"rendered":"Central Termoel\u00e9ctrica Jivino"},"content":{"rendered":"\n<p>La&nbsp;&nbsp;Central de Generaci\u00f3n Termoel\u00e9ctrica Jivino, cuenta con una potencia instalada de 44 megavatios (MW), y cubre la demanda de energ\u00eda el\u00e9ctrica en las provincias de Sucumb\u00edos y Orellana.<\/p>\n\n\n\n<p>La central est\u00e1 ubicada en Sucumb\u00edos, cant\u00f3n Shushufindi, parroquia San Pedro de los Cofanes, Jivino Verde. La instalaci\u00f3n y puesta en operaci\u00f3n de la Central de Generaci\u00f3n Termoel\u00e9ctrica Jivino estuvo a cargo de la Corporaci\u00f3n El\u00e9ctrica del Ecuador, CELEC EP, a trav\u00e9s de su Unidad de Negocio Termopichincha, con una inversi\u00f3n de 65 millones de d\u00f3lares.<\/p>\n\n\n\n<p>Esta obra fue adjudicada al Consorcio Generaci\u00f3n Ecuador (CGE), Equitec, Energ\u00eda Integral Andina-Disico, para el suministro, transporte, montaje, pruebas y puesta en operaci\u00f3n comercial, incluidos los auxiliares y obras civiles asociadas. Esta central est\u00e1 integrada por 4 unidades termoel\u00e9ctricas, marca Wartsila, con una potencia unitaria nominal de 11,2 MW.<\/p>\n\n\n\n<p>La Central cuenta con tecnolog\u00eda altamente eficiente, que garantiza adem\u00e1s el cumplimiento de los l\u00edmites m\u00e1ximos permisibles de control ambiental, utilizando combustible fuel oil de producci\u00f3n nacional y desplazando la generaci\u00f3n con di\u00e9sel importado.<\/p>\n\n\n\n<p>El transporte de los motores a la Central Termoel\u00e9ctrica Jivino III, constituy\u00f3 un hito hist\u00f3rico sin precedentes en el pa\u00eds, fue el primer cargamento de esta magnitud que ingres\u00f3 por v\u00eda fluvial, navegando por los r\u00edos de la Amazon\u00eda, ratificando de esta manera la viabilidad de la ruta comercial Brasil &#8211; Ecuador desde el Atl\u00e1ntico.<br><br>Mediante Acuerdo suscrito entre CELEC EP y CNEL Sucumbios se procedi\u00f3 a establecer las acciones que permiten mejorar la operaci\u00f3n y mantenimiento del sistema de generaci\u00f3n en el \u00e1rea de servicio de la Regional Sucumb\u00edos de CNEL. Posteriormente, el CONELEC emiti\u00f3 el T\u00edtulo Habilitante de Operaci\u00f3n de las Centrales Jivino I y II a la Unidad de Negocio CELEC EP Termopichincha.<\/p>\n\n\n\n<p>Y sobre todo hay que resaltar el trabajo del personal que labora en la Central Jivino, son ejemplo de eficiencia en operaci\u00f3n y mantenimiento.<\/p>\n","protected":false},"excerpt":{"rendered":"<p>La&nbsp;&nbsp;Central de Generaci\u00f3n Termoel\u00e9ctrica Jivino, cuenta con una potencia instalada de 44 megavatios (MW), y cubre la demanda de energ\u00eda el\u00e9ctrica en las provincias de Sucumb\u00edos y Orellana. La central est\u00e1 ubicada en Sucumb\u00edos, cant\u00f3n Shushufindi, parroquia San Pedro de los Cofanes, Jivino Verde. La instalaci\u00f3n y puesta en operaci\u00f3n de la Central de Generaci\u00f3n [&hellip;]<\/p>\n","protected":false},"author":1,"featured_media":0,"template":"","meta":{"_acf_changed":false,"inline_featured_image":false,"_themeisle_gutenberg_block_has_review":false},"class_list":["post-42","informacion-tecnica","type-informacion-tecnica","status-publish","hentry"],"acf":[],"_links":{"self":[{"href":"https:\/\/www.celec.gob.ec\/termopichincha\/wp-json\/wp\/v2\/informacion-tecnica\/42","targetHints":{"allow":["GET"]}}],"collection":[{"href":"https:\/\/www.celec.gob.ec\/termopichincha\/wp-json\/wp\/v2\/informacion-tecnica"}],"about":[{"href":"https:\/\/www.celec.gob.ec\/termopichincha\/wp-json\/wp\/v2\/types\/informacion-tecnica"}],"author":[{"embeddable":true,"href":"https:\/\/www.celec.gob.ec\/termopichincha\/wp-json\/wp\/v2\/users\/1"}],"wp:attachment":[{"href":"https:\/\/www.celec.gob.ec\/termopichincha\/wp-json\/wp\/v2\/media?parent=42"}],"curies":[{"name":"wp","href":"https:\/\/api.w.org\/{rel}","templated":true}]}}