{"id":12839,"date":"2026-07-27T10:33:04","date_gmt":"2026-07-27T15:33:04","guid":{"rendered":"https:\/\/www.celec.gob.ec\/transelectric\/?page_id=12839"},"modified":"2026-07-27T10:33:04","modified_gmt":"2026-07-27T15:33:04","slug":"proceso-de-seleccion-simple-operador-de-subestaciones-lumbaqui-27-de-julio-de-2026","status":"publish","type":"page","link":"https:\/\/www.celec.gob.ec\/transelectric\/proceso-de-seleccion-simple-operador-de-subestaciones-lumbaqui-27-de-julio-de-2026\/","title":{"rendered":"Proceso de Selecci\u00f3n Simple, Operador de Subestaciones &#8211; Lumbaqu\u00ed, 27 de julio de 2026"},"content":{"rendered":"\n<p class=\"wp-block-paragraph\">En cumplimiento a la&nbsp;<em>\u00abCodificaci\u00f3n del Reglamento para el Reclutamiento, Preselecci\u00f3n, Selecci\u00f3n, Vinculaci\u00f3n, e Inducci\u00f3n del Talento Humano de la Empresa P\u00fablica Estrat\u00e9gica Corporaci\u00f3n El\u00e9ctrica del Ecuador CELEC EP.\u00bb<\/em>, y la Resoluci\u00f3n Nro. CEL-RES-0320-24, se pone en consideraci\u00f3n el inicio de la fase de reclutamiento del PROCESO DE SELECCI\u00d3N SIMPLE, para cubrir el cargo detallado en el archivo adjunto.<\/p>\n\n\n\n<p class=\"wp-block-paragraph\"><em>\u00ab14.1.- Reclutamiento \/ Preselecci\u00f3n: Los delegados del \u00e1rea de Talento Humano y del \u00e1rea requirente designados para el proceso de selecci\u00f3n simple tendr\u00e1n la responsabilidad de esta actividad, cuyo objetivo es recopilar todas las postulaciones de los aspirantes potencialmente calificados para ocupar los puestos temporales ofertados por la CELEC EP.<\/em><\/p>\n\n\n\n<p class=\"wp-block-paragraph\"><em>Estos reclutamientos se lo realizar\u00e1n a trav\u00e9s de una convocatoria abierta, a trav\u00e9s del uso medios de comunicaci\u00f3n tecnol\u00f3gicos corporativos, cuya duraci\u00f3n m\u00ednima de 24 horas h\u00e1biles.\u00bb<\/em><\/p>\n\n\n\n<p class=\"wp-block-paragraph\">En virtud de lo expuesto, adjunto la convocatoria&nbsp;respectiva, en la cual consta la informaci\u00f3n en cuanto a condiciones y requisitos para el desarrollo del proceso.<\/p>\n\n\n\n<p class=\"wp-block-paragraph\">As\u00ed como tambi\u00e9n,&nbsp;es importante indicar&nbsp;que, los postulantes, a m\u00e1s de cumplir con el perfil requerido,&nbsp;<strong>deben dar cumplimento a lo se\u00f1alado en la Ley Org\u00e1nica para la Planificaci\u00f3n Integral de la Circunscripci\u00f3n Territorial Especial Amaz\u00f3nica&nbsp;y su Reglamento General en los art\u00edculos 41.1.;&nbsp;<\/strong>para lo cual deber\u00e1 remitir la documentaci\u00f3n habilitante que permita evidenciar y validar el cumplimiento de estos factores.<\/p>\n\n\n\n<p class=\"wp-block-paragraph\">Los interesados podr\u00e1n&nbsp;postular en la agencia correspondiente en la oficina en la que se encuentra publicado el proceso:&nbsp;<strong>Gonzalo Pizarro &#8211; Sucumbios, Direcci\u00f3n: Direcci\u00f3n en Nueva Loja Av. Circunvalaci\u00f3n y Rio Aguarico instalaciones del Centro Ciudadana Nueva Loja, planta baja; correo:&nbsp;<a href=\"mailto:cenaida_medina@trabajo.gob.ec\">cenaida_medina@trabajo.gob.ec<\/a>&nbsp;con copia a:&nbsp;<a href=\"mailto:karina.carrion@celec.gob.ec\">karina.carrion@celec.gob.ec<\/a>, desde las 10h30 del d\u00eda 27 de julio de 2026, hasta las 23h59 del 29 de julio de 2026.&nbsp;<\/strong>Deber\u00e1 presentar su<strong>&nbsp;hoja de vida actualizada y los documentos que acrediten formaci\u00f3n acad\u00e9mica y experiencia laboral, en formato PDF,&nbsp;<\/strong>as\u00ed como los documentos habilitantes para verificaci\u00f3n de residentes amaz\u00f3nicos:<\/p>\n\n\n\n<p class=\"wp-block-paragraph\"><strong><em>\u201cArt.- 30.- Requisitos de verificaci\u00f3n para residentes amaz\u00f3nicos.-<\/em><\/strong><em>&nbsp;El residente amaz\u00f3nico podr\u00e1 aplicar a los beneficios de empleo preferente e inclusi\u00f3n previstos en la Ley Org\u00e1nica para la Planificaci\u00f3n Integral de la Circunscripci\u00f3n Territorial Especial Amaz\u00f3nica, siempre que acredite al menos dos de las siguientes circunstancias:<\/em><\/p>\n\n\n\n<p class=\"wp-block-paragraph\"><em>1. Tener c\u00e9dula de ciudadan\u00eda o partida de nacimiento donde conste haber nacido dentro de la Circunscripci\u00f3n Territorial Especial Amaz\u00f3nica;<\/em><\/p>\n\n\n\n<p class=\"wp-block-paragraph\"><em>2. Demostrar su calidad de residente amaz\u00f3nico con cualquiera de los siguientes documentos:<\/em><\/p>\n\n\n\n<p class=\"wp-block-paragraph\"><em>a. Papeletas de votaci\u00f3n o certificaci\u00f3n emitida por el Consejo Nacional Electoral CNE en el que conste haber estado empadronado en la Circunscripci\u00f3n Territorial Especial Amaz\u00f3nica en los tres \u00faltimos procesos electorales: o,<\/em><\/p>\n\n\n\n<p class=\"wp-block-paragraph\"><em>b. Certificado de trabajo emitido por una entidad empleadora con establecimiento en la Circunscripci\u00f3n Territorial Especial Amaz\u00f3nica, e historial laboral proporcionado por el (\u2026) IESS o por el Sistema \u00danico de Trabajo (SUT) o en el que conste haber prestado o desempe\u00f1ado un servicio o empleo por lo menos los \u00faltimos seis (6) a\u00f1os ininterrumpidos, dentro de la Circunscripci\u00f3n Territorial Especial Amaz\u00f3nica.<\/em><\/p>\n\n\n\n<p class=\"wp-block-paragraph\"><em>3. Contrato o contratos de arrendamiento notariado donde se demuestre su permanencia ininterrumpida dentro de la Circunscripci\u00f3n Territorial Especial Amaz\u00f3nica por los menos los \u00faltimos seis (6) a\u00f1os;<\/em><\/p>\n\n\n\n<p class=\"wp-block-paragraph\"><em>4. Certificado de estudios en el que se demuestre haber asistido regularmente y de manera interrumpida a una instituci\u00f3n educativa p\u00fablica o privada dentro de la Circunscripci\u00f3n Territorial Especial Amaz\u00f3nica por lo menos los \u00faltimos seis (6) a\u00f1os: y,<\/em><\/p>\n\n\n\n<p class=\"wp-block-paragraph\"><em>5. Declaraci\u00f3n Juramentada ante notario en donde establezca que ha residido por lo menos los \u00faltimos seis (6) a\u00f1os ininterrumpidos, dentro de la Circunscripci\u00f3n Territorial Especial Amaz\u00f3nica.\u201d<\/em><\/p>\n\n\n<div class=\"wp-block-image\">\n<figure class=\"aligncenter size-large\"><img loading=\"lazy\" decoding=\"async\" width=\"1024\" height=\"234\" src=\"https:\/\/www.celec.gob.ec\/transelectric\/wp-content\/uploads\/2026\/07\/image-1024x234.png\" alt=\"\" class=\"wp-image-12842\" srcset=\"https:\/\/www.celec.gob.ec\/transelectric\/wp-content\/uploads\/2026\/07\/image-1024x234.png 1024w, https:\/\/www.celec.gob.ec\/transelectric\/wp-content\/uploads\/2026\/07\/image-300x69.png 300w, https:\/\/www.celec.gob.ec\/transelectric\/wp-content\/uploads\/2026\/07\/image-768x175.png 768w, https:\/\/www.celec.gob.ec\/transelectric\/wp-content\/uploads\/2026\/07\/image-1536x351.png 1536w, https:\/\/www.celec.gob.ec\/transelectric\/wp-content\/uploads\/2026\/07\/image.png 1611w\" sizes=\"auto, (max-width: 1024px) 100vw, 1024px\" \/><\/figure>\n<\/div>\n\n\n<p class=\"wp-block-paragraph\"><\/p>\n\n\n\n<p class=\"has-text-align-center wp-block-paragraph\"><strong><a href=\"https:\/\/www.celec.gob.ec\/transelectric\/wp-content\/uploads\/2026\/07\/convocatoria-web-operador-de-subestaciones-san-rafael.pdf\" data-type=\"link\" data-id=\"https:\/\/www.celec.gob.ec\/transelectric\/wp-content\/uploads\/2026\/07\/convocatoria-web-operador-de-subestaciones-san-rafael.pdf\">Para ver el requerimiento\u00a0hacer clic aqu\u00ed<\/a><\/strong><\/p>\n","protected":false},"excerpt":{"rendered":"<p>En cumplimiento a la&nbsp;\u00abCodificaci\u00f3n del Reglamento para el Reclutamiento, Preselecci\u00f3n, Selecci\u00f3n, Vinculaci\u00f3n, e Inducci\u00f3n del Talento Humano de la Empresa P\u00fablica Estrat\u00e9gica Corporaci\u00f3n El\u00e9ctrica del Ecuador CELEC EP.\u00bb, y la Resoluci\u00f3n Nro. CEL-RES-0320-24, se pone en consideraci\u00f3n el inicio de la fase de reclutamiento del PROCESO DE SELECCI\u00d3N SIMPLE, para cubrir el cargo detallado en [&hellip;]<\/p>\n","protected":false},"author":3,"featured_media":0,"parent":0,"menu_order":0,"comment_status":"closed","ping_status":"closed","template":"","meta":{"_acf_changed":false,"inline_featured_image":false,"_themeisle_gutenberg_block_has_review":false,"footnotes":"","_members_access_role":[],"_members_access_error":""},"categories":[],"tags":[],"class_list":["post-12839","page","type-page","status-publish","hentry"],"acf":[],"_links":{"self":[{"href":"https:\/\/www.celec.gob.ec\/transelectric\/wp-json\/wp\/v2\/pages\/12839","targetHints":{"allow":["GET"]}}],"collection":[{"href":"https:\/\/www.celec.gob.ec\/transelectric\/wp-json\/wp\/v2\/pages"}],"about":[{"href":"https:\/\/www.celec.gob.ec\/transelectric\/wp-json\/wp\/v2\/types\/page"}],"author":[{"embeddable":true,"href":"https:\/\/www.celec.gob.ec\/transelectric\/wp-json\/wp\/v2\/users\/3"}],"replies":[{"embeddable":true,"href":"https:\/\/www.celec.gob.ec\/transelectric\/wp-json\/wp\/v2\/comments?post=12839"}],"version-history":[{"count":1,"href":"https:\/\/www.celec.gob.ec\/transelectric\/wp-json\/wp\/v2\/pages\/12839\/revisions"}],"predecessor-version":[{"id":12843,"href":"https:\/\/www.celec.gob.ec\/transelectric\/wp-json\/wp\/v2\/pages\/12839\/revisions\/12843"}],"wp:attachment":[{"href":"https:\/\/www.celec.gob.ec\/transelectric\/wp-json\/wp\/v2\/media?parent=12839"}],"wp:term":[{"taxonomy":"category","embeddable":true,"href":"https:\/\/www.celec.gob.ec\/transelectric\/wp-json\/wp\/v2\/categories?post=12839"},{"taxonomy":"post_tag","embeddable":true,"href":"https:\/\/www.celec.gob.ec\/transelectric\/wp-json\/wp\/v2\/tags?post=12839"}],"curies":[{"name":"wp","href":"https:\/\/api.w.org\/{rel}","templated":true}]}}