{"id":8187,"date":"2024-07-09T11:05:54","date_gmt":"2024-07-09T16:05:54","guid":{"rendered":"https:\/\/www.celec.gob.ec\/transelectric\/?page_id=8187"},"modified":"2025-07-28T11:53:33","modified_gmt":"2025-07-28T16:53:33","slug":"sistema-de-transmision-las-orquideas-a-230-69-mil-voltios","status":"publish","type":"page","link":"https:\/\/www.celec.gob.ec\/transelectric\/sistema-de-transmision-las-orquideas-a-230-69-mil-voltios\/","title":{"rendered":"Sistema de transmisi\u00f3n Las Orqu\u00eddeas a 230 \/ 69 mil voltios"},"content":{"rendered":"\n<p>Permitir\u00e1 atender el creciente incremento de la demanda de energ\u00eda el\u00e9ctrica del \u00e1rea norte de la ciudad de Guayaquil, al brindar un nuevo punto de conexi\u00f3n a la empresa CNEL EP Guayaquil, responsable de la distribuci\u00f3n de electricidad en esta importante zona del pa\u00eds, gracias a que permitir\u00e1 aliviar la carga de la subestaci\u00f3n Policentro y as\u00ed evitar que ocurran desconexiones del suministro de energ\u00eda, garantizando la continuidad del servicio de transmisi\u00f3n.<\/p>\n\n\n\n<p><strong>Ubicaci\u00f3n<\/strong><\/p>\n\n\n\n<p>Zona norte de la ciudad de Guayaquil, provincia del Guayas.<\/p>\n\n\n\n<p><strong>Beneficios<\/strong><\/p>\n\n\n\n<ul class=\"wp-block-list\">\n<li>Permitir\u00e1 aprovechar la energ\u00eda producida por el ingreso en operaci\u00f3n de los nuevos provectos de generaci\u00f3n hidroel\u00e9ctrica, con el incremento de transferencias desde los transformadores de la subestaci\u00f3n Pascuales hasta la subestaci\u00f3n Orqu\u00eddeas.<\/li>\n\n\n\n<li>Mejorar\u00e1 el abastecimiento de electricidad de las principales cargas industriales de la zona norte de la ciudad de Guayaquil, aportando al desarrollo de sus diferentes actividades econ\u00f3micas.<\/li>\n\n\n\n<li>Beneficiar\u00e1 aproximadamente a 1&#8217;200.000 habitantes del norte de la ciudad de Guayaquil, provincia del Guayas.<\/li>\n\n\n\n<li>Su construcci\u00f3n generar\u00e1 300 plazas de empleo directo.<\/li>\n<\/ul>\n\n\n\n<p><strong>Obras que conforman este sistema<\/strong><\/p>\n\n\n\n<ol class=\"wp-block-list\">\n<li>Subestaci\u00f3n Las Orqu\u00eddeas a 230 mil voltios, 250 Mega Voltio Amperios.<\/li>\n\n\n\n<li>L\u00ednea de transmisi\u00f3n conexi\u00f3n subestaci\u00f3n Las Orqu\u00eddeas a 230 mil voltios, doble circuito.<\/li>\n<\/ol>\n\n\n\n<p><\/p>\n","protected":false},"excerpt":{"rendered":"<p>Permitir\u00e1 atender el creciente incremento de la demanda de energ\u00eda el\u00e9ctrica del \u00e1rea norte de la ciudad de Guayaquil, al brindar un nuevo punto de conexi\u00f3n a la empresa CNEL EP Guayaquil, responsable de la distribuci\u00f3n de electricidad en esta importante zona del pa\u00eds, gracias a que permitir\u00e1 aliviar la carga de la subestaci\u00f3n Policentro [&hellip;]<\/p>\n","protected":false},"author":3,"featured_media":0,"parent":0,"menu_order":0,"comment_status":"closed","ping_status":"closed","template":"","meta":{"_acf_changed":false,"inline_featured_image":false,"_themeisle_gutenberg_block_has_review":false,"footnotes":""},"categories":[],"tags":[],"class_list":["post-8187","page","type-page","status-publish","hentry"],"acf":[],"_links":{"self":[{"href":"https:\/\/www.celec.gob.ec\/transelectric\/wp-json\/wp\/v2\/pages\/8187","targetHints":{"allow":["GET"]}}],"collection":[{"href":"https:\/\/www.celec.gob.ec\/transelectric\/wp-json\/wp\/v2\/pages"}],"about":[{"href":"https:\/\/www.celec.gob.ec\/transelectric\/wp-json\/wp\/v2\/types\/page"}],"author":[{"embeddable":true,"href":"https:\/\/www.celec.gob.ec\/transelectric\/wp-json\/wp\/v2\/users\/3"}],"replies":[{"embeddable":true,"href":"https:\/\/www.celec.gob.ec\/transelectric\/wp-json\/wp\/v2\/comments?post=8187"}],"version-history":[{"count":2,"href":"https:\/\/www.celec.gob.ec\/transelectric\/wp-json\/wp\/v2\/pages\/8187\/revisions"}],"predecessor-version":[{"id":10216,"href":"https:\/\/www.celec.gob.ec\/transelectric\/wp-json\/wp\/v2\/pages\/8187\/revisions\/10216"}],"wp:attachment":[{"href":"https:\/\/www.celec.gob.ec\/transelectric\/wp-json\/wp\/v2\/media?parent=8187"}],"wp:term":[{"taxonomy":"category","embeddable":true,"href":"https:\/\/www.celec.gob.ec\/transelectric\/wp-json\/wp\/v2\/categories?post=8187"},{"taxonomy":"post_tag","embeddable":true,"href":"https:\/\/www.celec.gob.ec\/transelectric\/wp-json\/wp\/v2\/tags?post=8187"}],"curies":[{"name":"wp","href":"https:\/\/api.w.org\/{rel}","templated":true}]}}